{"id":259,"date":"2021-05-07T15:26:08","date_gmt":"2021-05-07T13:26:08","guid":{"rendered":"http:\/\/relaunch2021.ferger-metallbau.de\/?page_id=259"},"modified":"2026-03-18T09:41:48","modified_gmt":"2026-03-18T08:41:48","slug":"referenzen","status":"publish","type":"page","link":"https:\/\/ferger-metallbau.de\/en\/referenzen\/","title":{"rendered":"Referenzen"},"content":{"rendered":"<div data-elementor-type=\"wp-page\" data-elementor-id=\"259\" class=\"elementor elementor-259\">\n\t\t\t\t\t\t<section class=\"elementor-section elementor-top-section elementor-element elementor-element-9610908 elementor-section-stretched elementor-section-boxed elementor-section-height-default elementor-section-height-default qodef-elementor-content-no\" data-id=\"9610908\" data-element_type=\"section\" data-e-type=\"section\" data-settings=\"{&quot;stretch_section&quot;:&quot;section-stretched&quot;,&quot;background_background&quot;:&quot;classic&quot;}\">\n\t\t\t\t\t\t<div class=\"elementor-container elementor-column-gap-default\">\n\t\t\t\t\t<div class=\"elementor-column elementor-col-33 elementor-top-column elementor-element elementor-element-0d0975f\" data-id=\"0d0975f\" data-element_type=\"column\" data-e-type=\"column\">\n\t\t\t<div class=\"elementor-widget-wrap elementor-element-populated\">\n\t\t\t\t\t\t<div class=\"elementor-element elementor-element-f5d8dd8 elementor-widget elementor-widget-spacer\" data-id=\"f5d8dd8\" data-element_type=\"widget\" data-e-type=\"widget\" data-widget_type=\"spacer.default\">\n\t\t\t\t<div class=\"elementor-widget-container\">\n\t\t\t\t\t\t\t<div class=\"elementor-spacer\">\n\t\t\t<div class=\"elementor-spacer-inner\"><\/div>\n\t\t<\/div>\n\t\t\t\t\t\t<\/div>\n\t\t\t\t<\/div>\n\t\t\t\t<div class=\"elementor-element elementor-element-6615930 elementor-widget elementor-widget-text-editor\" data-id=\"6615930\" data-element_type=\"widget\" data-e-type=\"widget\" data-widget_type=\"text-editor.default\">\n\t\t\t\t<div class=\"elementor-widget-container\">\n\t\t\t\t\t\t\t\t\t<h5>Unsere Arbeit<\/h5><h1>Referenzen<\/h1>\t\t\t\t\t\t\t\t<\/div>\n\t\t\t\t<\/div>\n\t\t\t\t\t<\/div>\n\t\t<\/div>\n\t\t\t\t<div class=\"elementor-column elementor-col-66 elementor-top-column elementor-element elementor-element-00c5637\" data-id=\"00c5637\" data-element_type=\"column\" data-e-type=\"column\">\n\t\t\t<div class=\"elementor-widget-wrap elementor-element-populated\">\n\t\t\t\t\t\t<div class=\"elementor-element elementor-element-bc2d51a elementor-widget elementor-widget-spacer\" data-id=\"bc2d51a\" data-element_type=\"widget\" data-e-type=\"widget\" data-widget_type=\"spacer.default\">\n\t\t\t\t<div class=\"elementor-widget-container\">\n\t\t\t\t\t\t\t<div class=\"elementor-spacer\">\n\t\t\t<div class=\"elementor-spacer-inner\"><\/div>\n\t\t<\/div>\n\t\t\t\t\t\t<\/div>\n\t\t\t\t<\/div>\n\t\t\t\t\t<\/div>\n\t\t<\/div>\n\t\t\t\t\t<\/div>\n\t\t<\/section>\n\t\t\t\t<section class=\"elementor-section elementor-top-section elementor-element elementor-element-3924d02 elementor-section-stretched elementor-section-boxed elementor-section-height-default elementor-section-height-default qodef-elementor-content-no\" data-id=\"3924d02\" data-element_type=\"section\" data-e-type=\"section\" data-settings=\"{&quot;stretch_section&quot;:&quot;section-stretched&quot;,&quot;background_background&quot;:&quot;classic&quot;}\">\n\t\t\t\t\t\t<div class=\"elementor-container elementor-column-gap-wider\">\n\t\t\t\t\t<div class=\"elementor-column elementor-col-33 elementor-top-column elementor-element elementor-element-4552740\" data-id=\"4552740\" data-element_type=\"column\" data-e-type=\"column\">\n\t\t\t<div class=\"elementor-widget-wrap elementor-element-populated\">\n\t\t\t\t\t\t<div class=\"elementor-element elementor-element-e95aeb5 elementor-widget elementor-widget-text-editor\" data-id=\"e95aeb5\" data-element_type=\"widget\" data-e-type=\"widget\" data-widget_type=\"text-editor.default\">\n\t\t\t\t<div class=\"elementor-widget-container\">\n\t\t\t\t\t\t\t\t\t<p>M\u00f6chten Sie unsere gesamten Referenzen \u00fcbersichtlich zusammengefasst sehen?<\/p><p>Dann k\u00f6nnen Sie hier unsere Referenzliste downloaden.<\/p>\t\t\t\t\t\t\t\t<\/div>\n\t\t\t\t<\/div>\n\t\t\t\t<div class=\"elementor-element elementor-element-859ed05 elementor-widget elementor-widget-button\" data-id=\"859ed05\" data-element_type=\"widget\" data-e-type=\"widget\" data-widget_type=\"button.default\">\n\t\t\t\t<div class=\"elementor-widget-container\">\n\t\t\t\t\t\t\t\t\t<div class=\"elementor-button-wrapper\">\n\t\t\t\t\t<a class=\"elementor-button elementor-button-link elementor-size-sm\" href=\"https:\/\/ferger-metallbau.de\/wp-content\/uploads\/2025\/12\/Referenzliste-2024.pdf\" target=\"_blank\">\n\t\t\t\t\t\t<span class=\"elementor-button-content-wrapper\">\n\t\t\t\t\t\t<span class=\"elementor-button-icon\">\n\t\t\t\t<i aria-hidden=\"true\" class=\"far fa-file-pdf\"><\/i>\t\t\t<\/span>\n\t\t\t\t\t\t\t\t\t<span class=\"elementor-button-text\">Download<\/span>\n\t\t\t\t\t<\/span>\n\t\t\t\t\t<\/a>\n\t\t\t\t<\/div>\n\t\t\t\t\t\t\t\t<\/div>\n\t\t\t\t<\/div>\n\t\t\t\t\t<\/div>\n\t\t<\/div>\n\t\t\t\t<div class=\"elementor-column elementor-col-66 elementor-top-column elementor-element elementor-element-02af6ea\" data-id=\"02af6ea\" data-element_type=\"column\" data-e-type=\"column\">\n\t\t\t<div class=\"elementor-widget-wrap elementor-element-populated\">\n\t\t\t\t\t\t<div class=\"elementor-element elementor-element-0606ffa elementor-widget elementor-widget-stal_core_portfolio_list\" data-id=\"0606ffa\" data-element_type=\"widget\" data-e-type=\"widget\" data-widget_type=\"stal_core_portfolio_list.default\">\n\t\t\t\t<div class=\"elementor-widget-container\">\n\t\t\t\t\t<div class=\"qodef-shortcode qodef-m  qodef-portfolio-list qodef-item-layout--info-below qodef-grid qodef-layout--masonry  qodef-gutter--normal qodef-col-num--2 qodef-item-layout--info-below qodef-filter--on qodef-pagination--on qodef-pagination-type--load-more qodef-responsive--predefined qodef-hover-animation--tilt\" data-options=\"{&quot;plugin&quot;:&quot;stal_core&quot;,&quot;module&quot;:&quot;post-types\\\/portfolio\\\/shortcodes&quot;,&quot;shortcode&quot;:&quot;portfolio-list&quot;,&quot;post_type&quot;:&quot;portfolio-item&quot;,&quot;next_page&quot;:&quot;2&quot;,&quot;max_pages_num&quot;:3,&quot;behavior&quot;:&quot;masonry&quot;,&quot;images_proportion&quot;:&quot;full&quot;,&quot;columns&quot;:&quot;2&quot;,&quot;columns_responsive&quot;:&quot;predefined&quot;,&quot;columns_1440&quot;:&quot;3&quot;,&quot;columns_1366&quot;:&quot;3&quot;,&quot;columns_1024&quot;:&quot;3&quot;,&quot;columns_768&quot;:&quot;3&quot;,&quot;columns_680&quot;:&quot;3&quot;,&quot;columns_480&quot;:&quot;3&quot;,&quot;space&quot;:&quot;normal&quot;,&quot;posts_per_page&quot;:&quot;30&quot;,&quot;orderby&quot;:&quot;date&quot;,&quot;order&quot;:&quot;DESC&quot;,&quot;layout&quot;:&quot;info-below&quot;,&quot;hover_animation_info-below&quot;:&quot;tilt&quot;,&quot;hover_animation_info-on-hover&quot;:&quot;fade-in&quot;,&quot;title_tag&quot;:&quot;h4&quot;,&quot;custom_padding&quot;:&quot;no&quot;,&quot;enable_filter&quot;:&quot;yes&quot;,&quot;pagination_type&quot;:&quot;load-more&quot;,&quot;pagination_type_load_more_top_margin&quot;:&quot;margin-top:0px&quot;,&quot;info_below_content_margin_top&quot;:&quot;1&quot;,&quot;object_class_name&quot;:&quot;StalCorePortfolioListShortcode&quot;,&quot;taxonomy_filter&quot;:&quot;portfolio-category&quot;,&quot;additional_query_args&quot;:[],&quot;space_value&quot;:15}\">\n\t\t<div class=\"qodef-m-filter\">\n\t\t\t\t\t<div class=\"qodef-m-filter-items\">\n\t\t\t\t<a class=\"qodef-m-filter-item qodef--active\" href=\"#\" data-taxonomy=\"portfolio-category\" data-filter=\"*\">\n\t\t\t\t\t<span class=\"qodef-m-filter-item-name\">Show All<\/span>\n\t\t\t\t<\/a>\n\t\t\t\t\t\t\t\t\t<a class=\"qodef-m-filter-item\" href=\"#\" data-taxonomy=\"portfolio-category\" data-filter=\"gewerbe-industrie\">\n\t\t\t\t\t\t<span class=\"qodef-m-filter-item-name\">Gewerbe &amp; Industrie<\/span>\n\t\t\t\t\t<\/a>\n\t\t\t\t\t\t\t\t\t<a class=\"qodef-m-filter-item\" href=\"#\" data-taxonomy=\"portfolio-category\" data-filter=\"hotels\">\n\t\t\t\t\t\t<span class=\"qodef-m-filter-item-name\">Hotels<\/span>\n\t\t\t\t\t<\/a>\n\t\t\t\t\t\t\t\t\t<a class=\"qodef-m-filter-item\" href=\"#\" data-taxonomy=\"portfolio-category\" data-filter=\"oeffentliche-gebaeude\">\n\t\t\t\t\t\t<span class=\"qodef-m-filter-item-name\">\u00d6ffentliche Geb\u00e4ude<\/span>\n\t\t\t\t\t<\/a>\n\t\t\t\t\t\t\t<\/div>\n\t\t\t<\/div>\n\t<div class=\"qodef-grid-inner clear\">\n\t\t\t<div class=\"qodef-grid-masonry-sizer\"><\/div>\n\t<div class=\"qodef-grid-masonry-gutter\"><\/div>\n<article class=\"qodef-e qodef-grid-item post-4111 portfolio-item type-portfolio-item status-publish has-post-thumbnail hentry portfolio-category-gewerbe-industrie\">\n\t<div class=\"qodef-e-inner\" >\n\t\t<div class=\"qodef-e-image\">\n\t\t\t\t<div class=\"qodef-e-media-image\">\n\t\t<a itemprop=\"url\" href=\"https:\/\/ferger-metallbau.de\/en\/portfolio-item\/proficamp-frankfurt\/\">\n\t\t\t<img fetchpriority=\"high\" decoding=\"async\" width=\"2560\" height=\"1707\" src=\"https:\/\/ferger-metallbau.de\/wp-content\/uploads\/2026\/02\/Eintracht-Frankfurt_09-05-22-0120-scaled.jpg\" class=\"attachment-full size-full wp-post-image\" alt=\"\" srcset=\"https:\/\/ferger-metallbau.de\/wp-content\/uploads\/2026\/02\/Eintracht-Frankfurt_09-05-22-0120-scaled.jpg 2560w, https:\/\/ferger-metallbau.de\/wp-content\/uploads\/2026\/02\/Eintracht-Frankfurt_09-05-22-0120-300x200.jpg 300w, https:\/\/ferger-metallbau.de\/wp-content\/uploads\/2026\/02\/Eintracht-Frankfurt_09-05-22-0120-1024x683.jpg 1024w, https:\/\/ferger-metallbau.de\/wp-content\/uploads\/2026\/02\/Eintracht-Frankfurt_09-05-22-0120-768x512.jpg 768w, https:\/\/ferger-metallbau.de\/wp-content\/uploads\/2026\/02\/Eintracht-Frankfurt_09-05-22-0120-1536x1024.jpg 1536w, https:\/\/ferger-metallbau.de\/wp-content\/uploads\/2026\/02\/Eintracht-Frankfurt_09-05-22-0120-2048x1365.jpg 2048w, https:\/\/ferger-metallbau.de\/wp-content\/uploads\/2026\/02\/Eintracht-Frankfurt_09-05-22-0120-18x12.jpg 18w\" sizes=\"(max-width: 2560px) 100vw, 2560px\" \/>\t\t<\/a>\n\t<\/div>\n\t\t<\/div>\n\t\t<div class=\"qodef-e-content\" style=\"margin-top:1px\">\n\t\t\t<div class=\"qodef-e-info-category\">\n\t\t\t<a itemprop=\"url\" class=\"qodef-e-category\" href=\"https:\/\/ferger-metallbau.de\/en\/portfolio-category\/gewerbe-industrie\/\">\n\t\t\tGewerbe &amp; Industrie\t\t<\/a>\n\t<\/div>\n\t\t\t<h4 itemprop=\"name\" class=\"qodef-e-title entry-title\" >\n\t<a itemprop=\"url\" class=\"qodef-e-title-link\" href=\"https:\/\/ferger-metallbau.de\/en\/portfolio-item\/proficamp-frankfurt\/\">\n\t\tProfiCamp, Frankfurt\t<\/a>\n<\/h4>\t\t<\/div>\n\t<\/div>\n<\/article><article class=\"qodef-e qodef-grid-item post-4103 portfolio-item type-portfolio-item status-publish has-post-thumbnail hentry portfolio-category-gewerbe-industrie\">\n\t<div class=\"qodef-e-inner\" >\n\t\t<div class=\"qodef-e-image\">\n\t\t\t\t<div class=\"qodef-e-media-image\">\n\t\t<a itemprop=\"url\" href=\"https:\/\/ferger-metallbau.de\/en\/portfolio-item\/dfki-3-ba-kaiserslautern\/\">\n\t\t\t<img decoding=\"async\" width=\"2560\" height=\"1707\" src=\"https:\/\/ferger-metallbau.de\/wp-content\/uploads\/2026\/02\/DFKI-III-BA-Kaiserslauter_0013-scaled.jpg\" class=\"attachment-full size-full wp-post-image\" alt=\"\" srcset=\"https:\/\/ferger-metallbau.de\/wp-content\/uploads\/2026\/02\/DFKI-III-BA-Kaiserslauter_0013-scaled.jpg 2560w, https:\/\/ferger-metallbau.de\/wp-content\/uploads\/2026\/02\/DFKI-III-BA-Kaiserslauter_0013-300x200.jpg 300w, https:\/\/ferger-metallbau.de\/wp-content\/uploads\/2026\/02\/DFKI-III-BA-Kaiserslauter_0013-1024x683.jpg 1024w, https:\/\/ferger-metallbau.de\/wp-content\/uploads\/2026\/02\/DFKI-III-BA-Kaiserslauter_0013-768x512.jpg 768w, https:\/\/ferger-metallbau.de\/wp-content\/uploads\/2026\/02\/DFKI-III-BA-Kaiserslauter_0013-1536x1024.jpg 1536w, https:\/\/ferger-metallbau.de\/wp-content\/uploads\/2026\/02\/DFKI-III-BA-Kaiserslauter_0013-2048x1366.jpg 2048w, https:\/\/ferger-metallbau.de\/wp-content\/uploads\/2026\/02\/DFKI-III-BA-Kaiserslauter_0013-18x12.jpg 18w\" sizes=\"(max-width: 2560px) 100vw, 2560px\" \/>\t\t<\/a>\n\t<\/div>\n\t\t<\/div>\n\t\t<div class=\"qodef-e-content\" style=\"margin-top:1px\">\n\t\t\t<div class=\"qodef-e-info-category\">\n\t\t\t<a itemprop=\"url\" class=\"qodef-e-category\" href=\"https:\/\/ferger-metallbau.de\/en\/portfolio-category\/gewerbe-industrie\/\">\n\t\t\tGewerbe &amp; Industrie\t\t<\/a>\n\t<\/div>\n\t\t\t<h4 itemprop=\"name\" class=\"qodef-e-title entry-title\" >\n\t<a itemprop=\"url\" class=\"qodef-e-title-link\" href=\"https:\/\/ferger-metallbau.de\/en\/portfolio-item\/dfki-3-ba-kaiserslautern\/\">\n\t\tDFKI &#8211; 3.BA, Kaiserslautern\t<\/a>\n<\/h4>\t\t<\/div>\n\t<\/div>\n<\/article><article class=\"qodef-e qodef-grid-item post-4066 portfolio-item type-portfolio-item status-publish has-post-thumbnail hentry portfolio-category-gewerbe-industrie\">\n\t<div class=\"qodef-e-inner\" >\n\t\t<div class=\"qodef-e-image\">\n\t\t\t\t<div class=\"qodef-e-media-image\">\n\t\t<a itemprop=\"url\" href=\"https:\/\/ferger-metallbau.de\/en\/portfolio-item\/bosch-bue-119-buehl\/\">\n\t\t\t<img decoding=\"async\" width=\"2560\" height=\"1707\" src=\"https:\/\/ferger-metallbau.de\/wp-content\/uploads\/2026\/02\/Bosch-119-Buehl_0001-scaled.jpg\" class=\"attachment-full size-full wp-post-image\" alt=\"\" srcset=\"https:\/\/ferger-metallbau.de\/wp-content\/uploads\/2026\/02\/Bosch-119-Buehl_0001-scaled.jpg 2560w, https:\/\/ferger-metallbau.de\/wp-content\/uploads\/2026\/02\/Bosch-119-Buehl_0001-300x200.jpg 300w, https:\/\/ferger-metallbau.de\/wp-content\/uploads\/2026\/02\/Bosch-119-Buehl_0001-1024x683.jpg 1024w, https:\/\/ferger-metallbau.de\/wp-content\/uploads\/2026\/02\/Bosch-119-Buehl_0001-768x512.jpg 768w, https:\/\/ferger-metallbau.de\/wp-content\/uploads\/2026\/02\/Bosch-119-Buehl_0001-1536x1024.jpg 1536w, https:\/\/ferger-metallbau.de\/wp-content\/uploads\/2026\/02\/Bosch-119-Buehl_0001-2048x1366.jpg 2048w, https:\/\/ferger-metallbau.de\/wp-content\/uploads\/2026\/02\/Bosch-119-Buehl_0001-18x12.jpg 18w\" sizes=\"(max-width: 2560px) 100vw, 2560px\" \/>\t\t<\/a>\n\t<\/div>\n\t\t<\/div>\n\t\t<div class=\"qodef-e-content\" style=\"margin-top:1px\">\n\t\t\t<div class=\"qodef-e-info-category\">\n\t\t\t<a itemprop=\"url\" class=\"qodef-e-category\" href=\"https:\/\/ferger-metallbau.de\/en\/portfolio-category\/gewerbe-industrie\/\">\n\t\t\tGewerbe &amp; Industrie\t\t<\/a>\n\t<\/div>\n\t\t\t<h4 itemprop=\"name\" class=\"qodef-e-title entry-title\" >\n\t<a itemprop=\"url\" class=\"qodef-e-title-link\" href=\"https:\/\/ferger-metallbau.de\/en\/portfolio-item\/bosch-bue-119-buehl\/\">\n\t\tBosch Bue-119, B\u00fchl\t<\/a>\n<\/h4>\t\t<\/div>\n\t<\/div>\n<\/article><article class=\"qodef-e qodef-grid-item post-4055 portfolio-item type-portfolio-item status-publish has-post-thumbnail hentry portfolio-category-gewerbe-industrie\">\n\t<div class=\"qodef-e-inner\" >\n\t\t<div class=\"qodef-e-image\">\n\t\t\t\t<div class=\"qodef-e-media-image\">\n\t\t<a itemprop=\"url\" href=\"https:\/\/ferger-metallbau.de\/en\/portfolio-item\/iee-bissen\/\">\n\t\t\t<img loading=\"lazy\" decoding=\"async\" width=\"2560\" height=\"1707\" src=\"https:\/\/ferger-metallbau.de\/wp-content\/uploads\/2026\/01\/ARGE-IEE-Bissen_0007-scaled.jpg\" class=\"attachment-full size-full wp-post-image\" alt=\"\" srcset=\"https:\/\/ferger-metallbau.de\/wp-content\/uploads\/2026\/01\/ARGE-IEE-Bissen_0007-scaled.jpg 2560w, https:\/\/ferger-metallbau.de\/wp-content\/uploads\/2026\/01\/ARGE-IEE-Bissen_0007-300x200.jpg 300w, https:\/\/ferger-metallbau.de\/wp-content\/uploads\/2026\/01\/ARGE-IEE-Bissen_0007-1024x683.jpg 1024w, https:\/\/ferger-metallbau.de\/wp-content\/uploads\/2026\/01\/ARGE-IEE-Bissen_0007-768x512.jpg 768w, https:\/\/ferger-metallbau.de\/wp-content\/uploads\/2026\/01\/ARGE-IEE-Bissen_0007-1536x1024.jpg 1536w, https:\/\/ferger-metallbau.de\/wp-content\/uploads\/2026\/01\/ARGE-IEE-Bissen_0007-2048x1366.jpg 2048w, https:\/\/ferger-metallbau.de\/wp-content\/uploads\/2026\/01\/ARGE-IEE-Bissen_0007-18x12.jpg 18w\" sizes=\"(max-width: 2560px) 100vw, 2560px\" \/>\t\t<\/a>\n\t<\/div>\n\t\t<\/div>\n\t\t<div class=\"qodef-e-content\" style=\"margin-top:1px\">\n\t\t\t<div class=\"qodef-e-info-category\">\n\t\t\t<a itemprop=\"url\" class=\"qodef-e-category\" href=\"https:\/\/ferger-metallbau.de\/en\/portfolio-category\/gewerbe-industrie\/\">\n\t\t\tGewerbe &amp; Industrie\t\t<\/a>\n\t<\/div>\n\t\t\t<h4 itemprop=\"name\" class=\"qodef-e-title entry-title\" >\n\t<a itemprop=\"url\" class=\"qodef-e-title-link\" href=\"https:\/\/ferger-metallbau.de\/en\/portfolio-item\/iee-bissen\/\">\n\t\tIEE, Bissen\t<\/a>\n<\/h4>\t\t<\/div>\n\t<\/div>\n<\/article><article class=\"qodef-e qodef-grid-item post-2300 portfolio-item type-portfolio-item status-publish has-post-thumbnail hentry portfolio-category-gewerbe-industrie\">\n\t<div class=\"qodef-e-inner\" >\n\t\t<div class=\"qodef-e-image\">\n\t\t\t\t<div class=\"qodef-e-media-image\">\n\t\t<a itemprop=\"url\" href=\"https:\/\/ferger-metallbau.de\/en\/portfolio-item\/berliner-carree-bf-1-alex-darmstadt-2-2-2-2-2-2-2-2-3-2-2\/\">\n\t\t\t<img loading=\"lazy\" decoding=\"async\" width=\"2000\" height=\"1378\" src=\"https:\/\/ferger-metallbau.de\/wp-content\/uploads\/2021\/06\/Nintendo-Frankfurt_1_2000px.jpg\" class=\"attachment-full size-full wp-post-image\" alt=\"\" srcset=\"https:\/\/ferger-metallbau.de\/wp-content\/uploads\/2021\/06\/Nintendo-Frankfurt_1_2000px.jpg 2000w, https:\/\/ferger-metallbau.de\/wp-content\/uploads\/2021\/06\/Nintendo-Frankfurt_1_2000px-300x207.jpg 300w, https:\/\/ferger-metallbau.de\/wp-content\/uploads\/2021\/06\/Nintendo-Frankfurt_1_2000px-1024x706.jpg 1024w, https:\/\/ferger-metallbau.de\/wp-content\/uploads\/2021\/06\/Nintendo-Frankfurt_1_2000px-768x529.jpg 768w, https:\/\/ferger-metallbau.de\/wp-content\/uploads\/2021\/06\/Nintendo-Frankfurt_1_2000px-1536x1058.jpg 1536w, https:\/\/ferger-metallbau.de\/wp-content\/uploads\/2021\/06\/Nintendo-Frankfurt_1_2000px-16x12.jpg 16w\" sizes=\"(max-width: 2000px) 100vw, 2000px\" \/>\t\t<\/a>\n\t<\/div>\n\t\t<\/div>\n\t\t<div class=\"qodef-e-content\" style=\"margin-top:1px\">\n\t\t\t<div class=\"qodef-e-info-category\">\n\t\t\t<a itemprop=\"url\" class=\"qodef-e-category\" href=\"https:\/\/ferger-metallbau.de\/en\/portfolio-category\/gewerbe-industrie\/\">\n\t\t\tGewerbe &amp; Industrie\t\t<\/a>\n\t<\/div>\n\t\t\t<h4 itemprop=\"name\" class=\"qodef-e-title entry-title\" >\n\t<a itemprop=\"url\" class=\"qodef-e-title-link\" href=\"https:\/\/ferger-metallbau.de\/en\/portfolio-item\/berliner-carree-bf-1-alex-darmstadt-2-2-2-2-2-2-2-2-3-2-2\/\">\n\t\tNintendo, Frankfurt\t<\/a>\n<\/h4>\t\t<\/div>\n\t<\/div>\n<\/article><article class=\"qodef-e qodef-grid-item post-2283 portfolio-item type-portfolio-item status-publish has-post-thumbnail hentry portfolio-category-gewerbe-industrie\">\n\t<div class=\"qodef-e-inner\" >\n\t\t<div class=\"qodef-e-image\">\n\t\t\t\t<div class=\"qodef-e-media-image\">\n\t\t<a itemprop=\"url\" href=\"https:\/\/ferger-metallbau.de\/en\/portfolio-item\/berliner-carree-bf-1-alex-darmstadt-2-2-2-2-2-2-2-2-3-2\/\">\n\t\t\t<img loading=\"lazy\" decoding=\"async\" width=\"2000\" height=\"1496\" src=\"https:\/\/ferger-metallbau.de\/wp-content\/uploads\/2021\/06\/HPS-Schumacher-Rheinbach_2_2000px.jpg\" class=\"attachment-full size-full wp-post-image\" alt=\"\" srcset=\"https:\/\/ferger-metallbau.de\/wp-content\/uploads\/2021\/06\/HPS-Schumacher-Rheinbach_2_2000px.jpg 2000w, https:\/\/ferger-metallbau.de\/wp-content\/uploads\/2021\/06\/HPS-Schumacher-Rheinbach_2_2000px-300x224.jpg 300w, https:\/\/ferger-metallbau.de\/wp-content\/uploads\/2021\/06\/HPS-Schumacher-Rheinbach_2_2000px-1024x766.jpg 1024w, https:\/\/ferger-metallbau.de\/wp-content\/uploads\/2021\/06\/HPS-Schumacher-Rheinbach_2_2000px-768x574.jpg 768w, https:\/\/ferger-metallbau.de\/wp-content\/uploads\/2021\/06\/HPS-Schumacher-Rheinbach_2_2000px-1536x1149.jpg 1536w, https:\/\/ferger-metallbau.de\/wp-content\/uploads\/2021\/06\/HPS-Schumacher-Rheinbach_2_2000px-16x12.jpg 16w\" sizes=\"(max-width: 2000px) 100vw, 2000px\" \/>\t\t<\/a>\n\t<\/div>\n\t\t<\/div>\n\t\t<div class=\"qodef-e-content\" style=\"margin-top:1px\">\n\t\t\t<div class=\"qodef-e-info-category\">\n\t\t\t<a itemprop=\"url\" class=\"qodef-e-category\" href=\"https:\/\/ferger-metallbau.de\/en\/portfolio-category\/gewerbe-industrie\/\">\n\t\t\tGewerbe &amp; Industrie\t\t<\/a>\n\t<\/div>\n\t\t\t<h4 itemprop=\"name\" class=\"qodef-e-title entry-title\" >\n\t<a itemprop=\"url\" class=\"qodef-e-title-link\" href=\"https:\/\/ferger-metallbau.de\/en\/portfolio-item\/berliner-carree-bf-1-alex-darmstadt-2-2-2-2-2-2-2-2-3-2\/\">\n\t\tHPS Schumacher, Rheinbach\t<\/a>\n<\/h4>\t\t<\/div>\n\t<\/div>\n<\/article><article class=\"qodef-e qodef-grid-item post-2271 portfolio-item type-portfolio-item status-publish has-post-thumbnail hentry portfolio-category-gewerbe-industrie\">\n\t<div class=\"qodef-e-inner\" >\n\t\t<div class=\"qodef-e-image\">\n\t\t\t\t<div class=\"qodef-e-media-image\">\n\t\t<a itemprop=\"url\" href=\"https:\/\/ferger-metallbau.de\/en\/portfolio-item\/berliner-carree-bf-1-alex-darmstadt-2-2-2-2-2-2-2-2-3\/\">\n\t\t\t<img loading=\"lazy\" decoding=\"async\" width=\"2000\" height=\"1442\" src=\"https:\/\/ferger-metallbau.de\/wp-content\/uploads\/2021\/06\/Woolworth-Unna_1_2000px-1.jpg\" class=\"attachment-full size-full wp-post-image\" alt=\"\" srcset=\"https:\/\/ferger-metallbau.de\/wp-content\/uploads\/2021\/06\/Woolworth-Unna_1_2000px-1.jpg 2000w, https:\/\/ferger-metallbau.de\/wp-content\/uploads\/2021\/06\/Woolworth-Unna_1_2000px-1-300x216.jpg 300w, https:\/\/ferger-metallbau.de\/wp-content\/uploads\/2021\/06\/Woolworth-Unna_1_2000px-1-1024x738.jpg 1024w, https:\/\/ferger-metallbau.de\/wp-content\/uploads\/2021\/06\/Woolworth-Unna_1_2000px-1-768x554.jpg 768w, https:\/\/ferger-metallbau.de\/wp-content\/uploads\/2021\/06\/Woolworth-Unna_1_2000px-1-1536x1107.jpg 1536w, https:\/\/ferger-metallbau.de\/wp-content\/uploads\/2021\/06\/Woolworth-Unna_1_2000px-1-16x12.jpg 16w\" sizes=\"(max-width: 2000px) 100vw, 2000px\" \/>\t\t<\/a>\n\t<\/div>\n\t\t<\/div>\n\t\t<div class=\"qodef-e-content\" style=\"margin-top:1px\">\n\t\t\t<div class=\"qodef-e-info-category\">\n\t\t\t<a itemprop=\"url\" class=\"qodef-e-category\" href=\"https:\/\/ferger-metallbau.de\/en\/portfolio-category\/gewerbe-industrie\/\">\n\t\t\tGewerbe &amp; Industrie\t\t<\/a>\n\t<\/div>\n\t\t\t<h4 itemprop=\"name\" class=\"qodef-e-title entry-title\" >\n\t<a itemprop=\"url\" class=\"qodef-e-title-link\" href=\"https:\/\/ferger-metallbau.de\/en\/portfolio-item\/berliner-carree-bf-1-alex-darmstadt-2-2-2-2-2-2-2-2-3\/\">\n\t\tWoolworth, Unna\t<\/a>\n<\/h4>\t\t<\/div>\n\t<\/div>\n<\/article><article class=\"qodef-e qodef-grid-item post-2251 portfolio-item type-portfolio-item status-publish has-post-thumbnail hentry portfolio-category-gewerbe-industrie portfolio-category-oeffentliche-gebaeude\">\n\t<div class=\"qodef-e-inner\" >\n\t\t<div class=\"qodef-e-image\">\n\t\t\t\t<div class=\"qodef-e-media-image\">\n\t\t<a itemprop=\"url\" href=\"https:\/\/ferger-metallbau.de\/en\/portfolio-item\/berliner-carree-bf-1-alex-darmstadt-2-2-2-2-2-2-2-2-2\/\">\n\t\t\t<img loading=\"lazy\" decoding=\"async\" width=\"2000\" height=\"1446\" src=\"https:\/\/ferger-metallbau.de\/wp-content\/uploads\/2021\/06\/VOBA-Giessen_1_2000px-1.jpg\" class=\"attachment-full size-full wp-post-image\" alt=\"\" srcset=\"https:\/\/ferger-metallbau.de\/wp-content\/uploads\/2021\/06\/VOBA-Giessen_1_2000px-1.jpg 2000w, https:\/\/ferger-metallbau.de\/wp-content\/uploads\/2021\/06\/VOBA-Giessen_1_2000px-1-300x217.jpg 300w, https:\/\/ferger-metallbau.de\/wp-content\/uploads\/2021\/06\/VOBA-Giessen_1_2000px-1-1024x740.jpg 1024w, https:\/\/ferger-metallbau.de\/wp-content\/uploads\/2021\/06\/VOBA-Giessen_1_2000px-1-768x555.jpg 768w, https:\/\/ferger-metallbau.de\/wp-content\/uploads\/2021\/06\/VOBA-Giessen_1_2000px-1-1536x1111.jpg 1536w, https:\/\/ferger-metallbau.de\/wp-content\/uploads\/2021\/06\/VOBA-Giessen_1_2000px-1-16x12.jpg 16w\" sizes=\"(max-width: 2000px) 100vw, 2000px\" \/>\t\t<\/a>\n\t<\/div>\n\t\t<\/div>\n\t\t<div class=\"qodef-e-content\" style=\"margin-top:1px\">\n\t\t\t<div class=\"qodef-e-info-category\">\n\t\t\t<a itemprop=\"url\" class=\"qodef-e-category\" href=\"https:\/\/ferger-metallbau.de\/en\/portfolio-category\/gewerbe-industrie\/\">\n\t\t\tGewerbe &amp; Industrie\t\t<\/a>\n\t\t\t<a itemprop=\"url\" class=\"qodef-e-category\" href=\"https:\/\/ferger-metallbau.de\/en\/portfolio-category\/oeffentliche-gebaeude\/\">\n\t\t\t\u00d6ffentliche Geb\u00e4ude\t\t<\/a>\n\t<\/div>\n\t\t\t<h4 itemprop=\"name\" class=\"qodef-e-title entry-title\" >\n\t<a itemprop=\"url\" class=\"qodef-e-title-link\" href=\"https:\/\/ferger-metallbau.de\/en\/portfolio-item\/berliner-carree-bf-1-alex-darmstadt-2-2-2-2-2-2-2-2-2\/\">\n\t\tVolksbank, Gie\u00dfen\t<\/a>\n<\/h4>\t\t<\/div>\n\t<\/div>\n<\/article><article class=\"qodef-e qodef-grid-item post-2232 portfolio-item type-portfolio-item status-publish has-post-thumbnail hentry portfolio-category-gewerbe-industrie\">\n\t<div class=\"qodef-e-inner\" >\n\t\t<div class=\"qodef-e-image\">\n\t\t\t\t<div class=\"qodef-e-media-image\">\n\t\t<a itemprop=\"url\" href=\"https:\/\/ferger-metallbau.de\/en\/portfolio-item\/berliner-carree-bf-1-alex-darmstadt-2-2-2-2-2-2-2-2\/\">\n\t\t\t<img loading=\"lazy\" decoding=\"async\" width=\"2000\" height=\"1441\" src=\"https:\/\/ferger-metallbau.de\/wp-content\/uploads\/2021\/06\/Verwaltungsgebaeude-Walldorf_1_2000px.jpg\" class=\"attachment-full size-full wp-post-image\" alt=\"\" srcset=\"https:\/\/ferger-metallbau.de\/wp-content\/uploads\/2021\/06\/Verwaltungsgebaeude-Walldorf_1_2000px.jpg 2000w, https:\/\/ferger-metallbau.de\/wp-content\/uploads\/2021\/06\/Verwaltungsgebaeude-Walldorf_1_2000px-300x216.jpg 300w, https:\/\/ferger-metallbau.de\/wp-content\/uploads\/2021\/06\/Verwaltungsgebaeude-Walldorf_1_2000px-1024x738.jpg 1024w, https:\/\/ferger-metallbau.de\/wp-content\/uploads\/2021\/06\/Verwaltungsgebaeude-Walldorf_1_2000px-768x553.jpg 768w, https:\/\/ferger-metallbau.de\/wp-content\/uploads\/2021\/06\/Verwaltungsgebaeude-Walldorf_1_2000px-1536x1107.jpg 1536w, https:\/\/ferger-metallbau.de\/wp-content\/uploads\/2021\/06\/Verwaltungsgebaeude-Walldorf_1_2000px-16x12.jpg 16w\" sizes=\"(max-width: 2000px) 100vw, 2000px\" \/>\t\t<\/a>\n\t<\/div>\n\t\t<\/div>\n\t\t<div class=\"qodef-e-content\" style=\"margin-top:1px\">\n\t\t\t<div class=\"qodef-e-info-category\">\n\t\t\t<a itemprop=\"url\" class=\"qodef-e-category\" href=\"https:\/\/ferger-metallbau.de\/en\/portfolio-category\/gewerbe-industrie\/\">\n\t\t\tGewerbe &amp; Industrie\t\t<\/a>\n\t<\/div>\n\t\t\t<h4 itemprop=\"name\" class=\"qodef-e-title entry-title\" >\n\t<a itemprop=\"url\" class=\"qodef-e-title-link\" href=\"https:\/\/ferger-metallbau.de\/en\/portfolio-item\/berliner-carree-bf-1-alex-darmstadt-2-2-2-2-2-2-2-2\/\">\n\t\tVerwaltungsgeb\u00e4ude, Walldorf\t<\/a>\n<\/h4>\t\t<\/div>\n\t<\/div>\n<\/article><article class=\"qodef-e qodef-grid-item post-2225 portfolio-item type-portfolio-item status-publish has-post-thumbnail hentry portfolio-category-gewerbe-industrie\">\n\t<div class=\"qodef-e-inner\" >\n\t\t<div class=\"qodef-e-image\">\n\t\t\t\t<div class=\"qodef-e-media-image\">\n\t\t<a itemprop=\"url\" href=\"https:\/\/ferger-metallbau.de\/en\/portfolio-item\/berliner-carree-bf-1-alex-darmstadt-2-2-2-2-2-2-2\/\">\n\t\t\t<img loading=\"lazy\" decoding=\"async\" width=\"2000\" height=\"1198\" src=\"https:\/\/ferger-metallbau.de\/wp-content\/uploads\/2021\/06\/Schwarzer-Essen_2000px.jpg\" class=\"attachment-full size-full wp-post-image\" alt=\"\" srcset=\"https:\/\/ferger-metallbau.de\/wp-content\/uploads\/2021\/06\/Schwarzer-Essen_2000px.jpg 2000w, https:\/\/ferger-metallbau.de\/wp-content\/uploads\/2021\/06\/Schwarzer-Essen_2000px-300x180.jpg 300w, https:\/\/ferger-metallbau.de\/wp-content\/uploads\/2021\/06\/Schwarzer-Essen_2000px-1024x613.jpg 1024w, https:\/\/ferger-metallbau.de\/wp-content\/uploads\/2021\/06\/Schwarzer-Essen_2000px-768x460.jpg 768w, https:\/\/ferger-metallbau.de\/wp-content\/uploads\/2021\/06\/Schwarzer-Essen_2000px-1536x920.jpg 1536w, https:\/\/ferger-metallbau.de\/wp-content\/uploads\/2021\/06\/Schwarzer-Essen_2000px-16x10.jpg 16w\" sizes=\"(max-width: 2000px) 100vw, 2000px\" \/>\t\t<\/a>\n\t<\/div>\n\t\t<\/div>\n\t\t<div class=\"qodef-e-content\" style=\"margin-top:1px\">\n\t\t\t<div class=\"qodef-e-info-category\">\n\t\t\t<a itemprop=\"url\" class=\"qodef-e-category\" href=\"https:\/\/ferger-metallbau.de\/en\/portfolio-category\/gewerbe-industrie\/\">\n\t\t\tGewerbe &amp; Industrie\t\t<\/a>\n\t<\/div>\n\t\t\t<h4 itemprop=\"name\" class=\"qodef-e-title entry-title\" >\n\t<a itemprop=\"url\" class=\"qodef-e-title-link\" href=\"https:\/\/ferger-metallbau.de\/en\/portfolio-item\/berliner-carree-bf-1-alex-darmstadt-2-2-2-2-2-2-2\/\">\n\t\tSchwarzer, Essen\t<\/a>\n<\/h4>\t\t<\/div>\n\t<\/div>\n<\/article><article class=\"qodef-e qodef-grid-item post-2212 portfolio-item type-portfolio-item status-publish has-post-thumbnail hentry portfolio-category-gewerbe-industrie\">\n\t<div class=\"qodef-e-inner\" >\n\t\t<div class=\"qodef-e-image\">\n\t\t\t\t<div class=\"qodef-e-media-image\">\n\t\t<a itemprop=\"url\" href=\"https:\/\/ferger-metallbau.de\/en\/portfolio-item\/berliner-carree-bf-1-alex-darmstadt-2-2-2-2-2-2\/\">\n\t\t\t<img loading=\"lazy\" decoding=\"async\" width=\"2000\" height=\"1344\" src=\"https:\/\/ferger-metallbau.de\/wp-content\/uploads\/2021\/06\/Matricel-Herzogenrath_1_2000px.jpg\" class=\"attachment-full size-full wp-post-image\" alt=\"\" srcset=\"https:\/\/ferger-metallbau.de\/wp-content\/uploads\/2021\/06\/Matricel-Herzogenrath_1_2000px.jpg 2000w, https:\/\/ferger-metallbau.de\/wp-content\/uploads\/2021\/06\/Matricel-Herzogenrath_1_2000px-300x202.jpg 300w, https:\/\/ferger-metallbau.de\/wp-content\/uploads\/2021\/06\/Matricel-Herzogenrath_1_2000px-1024x688.jpg 1024w, https:\/\/ferger-metallbau.de\/wp-content\/uploads\/2021\/06\/Matricel-Herzogenrath_1_2000px-768x516.jpg 768w, https:\/\/ferger-metallbau.de\/wp-content\/uploads\/2021\/06\/Matricel-Herzogenrath_1_2000px-1536x1032.jpg 1536w, https:\/\/ferger-metallbau.de\/wp-content\/uploads\/2021\/06\/Matricel-Herzogenrath_1_2000px-16x12.jpg 16w\" sizes=\"(max-width: 2000px) 100vw, 2000px\" \/>\t\t<\/a>\n\t<\/div>\n\t\t<\/div>\n\t\t<div class=\"qodef-e-content\" style=\"margin-top:1px\">\n\t\t\t<div class=\"qodef-e-info-category\">\n\t\t\t<a itemprop=\"url\" class=\"qodef-e-category\" href=\"https:\/\/ferger-metallbau.de\/en\/portfolio-category\/gewerbe-industrie\/\">\n\t\t\tGewerbe &amp; Industrie\t\t<\/a>\n\t<\/div>\n\t\t\t<h4 itemprop=\"name\" class=\"qodef-e-title entry-title\" >\n\t<a itemprop=\"url\" class=\"qodef-e-title-link\" href=\"https:\/\/ferger-metallbau.de\/en\/portfolio-item\/berliner-carree-bf-1-alex-darmstadt-2-2-2-2-2-2\/\">\n\t\tMatricel, Herzogenrath\t<\/a>\n<\/h4>\t\t<\/div>\n\t<\/div>\n<\/article><article class=\"qodef-e qodef-grid-item post-2131 portfolio-item type-portfolio-item status-publish has-post-thumbnail hentry portfolio-category-gewerbe-industrie\">\n\t<div class=\"qodef-e-inner\" >\n\t\t<div class=\"qodef-e-image\">\n\t\t\t\t<div class=\"qodef-e-media-image\">\n\t\t<a itemprop=\"url\" href=\"https:\/\/ferger-metallbau.de\/en\/portfolio-item\/berliner-carree-bf-1-alex-darmstadt-2-2-2-2-2\/\">\n\t\t\t<img loading=\"lazy\" decoding=\"async\" width=\"2000\" height=\"1477\" src=\"https:\/\/ferger-metallbau.de\/wp-content\/uploads\/2021\/06\/Suewag-Gebaeude-B-Frankfurt_1_2000px.jpg\" class=\"attachment-full size-full wp-post-image\" alt=\"\" srcset=\"https:\/\/ferger-metallbau.de\/wp-content\/uploads\/2021\/06\/Suewag-Gebaeude-B-Frankfurt_1_2000px.jpg 2000w, https:\/\/ferger-metallbau.de\/wp-content\/uploads\/2021\/06\/Suewag-Gebaeude-B-Frankfurt_1_2000px-300x222.jpg 300w, https:\/\/ferger-metallbau.de\/wp-content\/uploads\/2021\/06\/Suewag-Gebaeude-B-Frankfurt_1_2000px-1024x756.jpg 1024w, https:\/\/ferger-metallbau.de\/wp-content\/uploads\/2021\/06\/Suewag-Gebaeude-B-Frankfurt_1_2000px-768x567.jpg 768w, https:\/\/ferger-metallbau.de\/wp-content\/uploads\/2021\/06\/Suewag-Gebaeude-B-Frankfurt_1_2000px-1536x1134.jpg 1536w, https:\/\/ferger-metallbau.de\/wp-content\/uploads\/2021\/06\/Suewag-Gebaeude-B-Frankfurt_1_2000px-16x12.jpg 16w\" sizes=\"(max-width: 2000px) 100vw, 2000px\" \/>\t\t<\/a>\n\t<\/div>\n\t\t<\/div>\n\t\t<div class=\"qodef-e-content\" style=\"margin-top:1px\">\n\t\t\t<div class=\"qodef-e-info-category\">\n\t\t\t<a itemprop=\"url\" class=\"qodef-e-category\" href=\"https:\/\/ferger-metallbau.de\/en\/portfolio-category\/gewerbe-industrie\/\">\n\t\t\tGewerbe &amp; Industrie\t\t<\/a>\n\t<\/div>\n\t\t\t<h4 itemprop=\"name\" class=\"qodef-e-title entry-title\" >\n\t<a itemprop=\"url\" class=\"qodef-e-title-link\" href=\"https:\/\/ferger-metallbau.de\/en\/portfolio-item\/berliner-carree-bf-1-alex-darmstadt-2-2-2-2-2\/\">\n\t\tS\u00fcwag, Frankfurt\t<\/a>\n<\/h4>\t\t<\/div>\n\t<\/div>\n<\/article><article class=\"qodef-e qodef-grid-item post-2120 portfolio-item type-portfolio-item status-publish has-post-thumbnail hentry portfolio-category-gewerbe-industrie\">\n\t<div class=\"qodef-e-inner\" >\n\t\t<div class=\"qodef-e-image\">\n\t\t\t\t<div class=\"qodef-e-media-image\">\n\t\t<a itemprop=\"url\" href=\"https:\/\/ferger-metallbau.de\/en\/portfolio-item\/berliner-carree-bf-1-alex-darmstadt-2-2-2-2\/\">\n\t\t\t<img loading=\"lazy\" decoding=\"async\" width=\"2000\" height=\"1494\" src=\"https:\/\/ferger-metallbau.de\/wp-content\/uploads\/2021\/06\/Herkules-Siegen_1_2000px-1.jpg\" class=\"attachment-full size-full wp-post-image\" alt=\"\" srcset=\"https:\/\/ferger-metallbau.de\/wp-content\/uploads\/2021\/06\/Herkules-Siegen_1_2000px-1.jpg 2000w, https:\/\/ferger-metallbau.de\/wp-content\/uploads\/2021\/06\/Herkules-Siegen_1_2000px-1-300x224.jpg 300w, https:\/\/ferger-metallbau.de\/wp-content\/uploads\/2021\/06\/Herkules-Siegen_1_2000px-1-1024x765.jpg 1024w, https:\/\/ferger-metallbau.de\/wp-content\/uploads\/2021\/06\/Herkules-Siegen_1_2000px-1-768x574.jpg 768w, https:\/\/ferger-metallbau.de\/wp-content\/uploads\/2021\/06\/Herkules-Siegen_1_2000px-1-1536x1147.jpg 1536w, https:\/\/ferger-metallbau.de\/wp-content\/uploads\/2021\/06\/Herkules-Siegen_1_2000px-1-16x12.jpg 16w\" sizes=\"(max-width: 2000px) 100vw, 2000px\" \/>\t\t<\/a>\n\t<\/div>\n\t\t<\/div>\n\t\t<div class=\"qodef-e-content\" style=\"margin-top:1px\">\n\t\t\t<div class=\"qodef-e-info-category\">\n\t\t\t<a itemprop=\"url\" class=\"qodef-e-category\" href=\"https:\/\/ferger-metallbau.de\/en\/portfolio-category\/gewerbe-industrie\/\">\n\t\t\tGewerbe &amp; Industrie\t\t<\/a>\n\t<\/div>\n\t\t\t<h4 itemprop=\"name\" class=\"qodef-e-title entry-title\" >\n\t<a itemprop=\"url\" class=\"qodef-e-title-link\" href=\"https:\/\/ferger-metallbau.de\/en\/portfolio-item\/berliner-carree-bf-1-alex-darmstadt-2-2-2-2\/\">\n\t\tHerkules, Siegen\t<\/a>\n<\/h4>\t\t<\/div>\n\t<\/div>\n<\/article><article class=\"qodef-e qodef-grid-item post-2091 portfolio-item type-portfolio-item status-publish has-post-thumbnail hentry portfolio-category-gewerbe-industrie\">\n\t<div class=\"qodef-e-inner\" >\n\t\t<div class=\"qodef-e-image\">\n\t\t\t\t<div class=\"qodef-e-media-image\">\n\t\t<a itemprop=\"url\" href=\"https:\/\/ferger-metallbau.de\/en\/portfolio-item\/berliner-carree-bf-1-alex-darmstadt-2-2-2\/\">\n\t\t\t<img loading=\"lazy\" decoding=\"async\" width=\"2000\" height=\"1191\" src=\"https:\/\/ferger-metallbau.de\/wp-content\/uploads\/2021\/06\/Ypsomed-Schwerin_1_2000px.jpg\" class=\"attachment-full size-full wp-post-image\" alt=\"\" srcset=\"https:\/\/ferger-metallbau.de\/wp-content\/uploads\/2021\/06\/Ypsomed-Schwerin_1_2000px.jpg 2000w, https:\/\/ferger-metallbau.de\/wp-content\/uploads\/2021\/06\/Ypsomed-Schwerin_1_2000px-300x179.jpg 300w, https:\/\/ferger-metallbau.de\/wp-content\/uploads\/2021\/06\/Ypsomed-Schwerin_1_2000px-1024x610.jpg 1024w, https:\/\/ferger-metallbau.de\/wp-content\/uploads\/2021\/06\/Ypsomed-Schwerin_1_2000px-768x457.jpg 768w, https:\/\/ferger-metallbau.de\/wp-content\/uploads\/2021\/06\/Ypsomed-Schwerin_1_2000px-1536x915.jpg 1536w, https:\/\/ferger-metallbau.de\/wp-content\/uploads\/2021\/06\/Ypsomed-Schwerin_1_2000px-16x10.jpg 16w\" sizes=\"(max-width: 2000px) 100vw, 2000px\" \/>\t\t<\/a>\n\t<\/div>\n\t\t<\/div>\n\t\t<div class=\"qodef-e-content\" style=\"margin-top:1px\">\n\t\t\t<div class=\"qodef-e-info-category\">\n\t\t\t<a itemprop=\"url\" class=\"qodef-e-category\" href=\"https:\/\/ferger-metallbau.de\/en\/portfolio-category\/gewerbe-industrie\/\">\n\t\t\tGewerbe &amp; Industrie\t\t<\/a>\n\t<\/div>\n\t\t\t<h4 itemprop=\"name\" class=\"qodef-e-title entry-title\" >\n\t<a itemprop=\"url\" class=\"qodef-e-title-link\" href=\"https:\/\/ferger-metallbau.de\/en\/portfolio-item\/berliner-carree-bf-1-alex-darmstadt-2-2-2\/\">\n\t\tYpsomed &#8222;Nordlicht&#8220;, Schwerin\t<\/a>\n<\/h4>\t\t<\/div>\n\t<\/div>\n<\/article><article class=\"qodef-e qodef-grid-item post-2085 portfolio-item type-portfolio-item status-publish has-post-thumbnail hentry portfolio-category-gewerbe-industrie\">\n\t<div class=\"qodef-e-inner\" >\n\t\t<div class=\"qodef-e-image\">\n\t\t\t\t<div class=\"qodef-e-media-image\">\n\t\t<a itemprop=\"url\" href=\"https:\/\/ferger-metallbau.de\/en\/portfolio-item\/berliner-carree-bf-1-alex-darmstadt-2-2\/\">\n\t\t\t<img loading=\"lazy\" decoding=\"async\" width=\"2000\" height=\"1395\" src=\"https:\/\/ferger-metallbau.de\/wp-content\/uploads\/2021\/06\/Magsi-Aachen_1_2000px-1.jpg\" class=\"attachment-full size-full wp-post-image\" alt=\"\" srcset=\"https:\/\/ferger-metallbau.de\/wp-content\/uploads\/2021\/06\/Magsi-Aachen_1_2000px-1.jpg 2000w, https:\/\/ferger-metallbau.de\/wp-content\/uploads\/2021\/06\/Magsi-Aachen_1_2000px-1-300x209.jpg 300w, https:\/\/ferger-metallbau.de\/wp-content\/uploads\/2021\/06\/Magsi-Aachen_1_2000px-1-1024x714.jpg 1024w, https:\/\/ferger-metallbau.de\/wp-content\/uploads\/2021\/06\/Magsi-Aachen_1_2000px-1-768x536.jpg 768w, https:\/\/ferger-metallbau.de\/wp-content\/uploads\/2021\/06\/Magsi-Aachen_1_2000px-1-1536x1071.jpg 1536w, https:\/\/ferger-metallbau.de\/wp-content\/uploads\/2021\/06\/Magsi-Aachen_1_2000px-1-16x12.jpg 16w\" sizes=\"(max-width: 2000px) 100vw, 2000px\" \/>\t\t<\/a>\n\t<\/div>\n\t\t<\/div>\n\t\t<div class=\"qodef-e-content\" style=\"margin-top:1px\">\n\t\t\t<div class=\"qodef-e-info-category\">\n\t\t\t<a itemprop=\"url\" class=\"qodef-e-category\" href=\"https:\/\/ferger-metallbau.de\/en\/portfolio-category\/gewerbe-industrie\/\">\n\t\t\tGewerbe &amp; Industrie\t\t<\/a>\n\t<\/div>\n\t\t\t<h4 itemprop=\"name\" class=\"qodef-e-title entry-title\" >\n\t<a itemprop=\"url\" class=\"qodef-e-title-link\" href=\"https:\/\/ferger-metallbau.de\/en\/portfolio-item\/berliner-carree-bf-1-alex-darmstadt-2-2\/\">\n\t\tMagsi, Aachen\t<\/a>\n<\/h4>\t\t<\/div>\n\t<\/div>\n<\/article><article class=\"qodef-e qodef-grid-item post-2073 portfolio-item type-portfolio-item status-publish has-post-thumbnail hentry portfolio-category-gewerbe-industrie\">\n\t<div class=\"qodef-e-inner\" >\n\t\t<div class=\"qodef-e-image\">\n\t\t\t\t<div class=\"qodef-e-media-image\">\n\t\t<a itemprop=\"url\" href=\"https:\/\/ferger-metallbau.de\/en\/portfolio-item\/berliner-carree-bf-1-alex-darmstadt-2\/\">\n\t\t\t<img loading=\"lazy\" decoding=\"async\" width=\"2000\" height=\"1503\" src=\"https:\/\/ferger-metallbau.de\/wp-content\/uploads\/2021\/06\/Feig-Weilburg_1_2000px-1.jpg\" class=\"attachment-full size-full wp-post-image\" alt=\"\" srcset=\"https:\/\/ferger-metallbau.de\/wp-content\/uploads\/2021\/06\/Feig-Weilburg_1_2000px-1.jpg 2000w, https:\/\/ferger-metallbau.de\/wp-content\/uploads\/2021\/06\/Feig-Weilburg_1_2000px-1-300x225.jpg 300w, https:\/\/ferger-metallbau.de\/wp-content\/uploads\/2021\/06\/Feig-Weilburg_1_2000px-1-1024x770.jpg 1024w, https:\/\/ferger-metallbau.de\/wp-content\/uploads\/2021\/06\/Feig-Weilburg_1_2000px-1-768x577.jpg 768w, https:\/\/ferger-metallbau.de\/wp-content\/uploads\/2021\/06\/Feig-Weilburg_1_2000px-1-1536x1154.jpg 1536w, https:\/\/ferger-metallbau.de\/wp-content\/uploads\/2021\/06\/Feig-Weilburg_1_2000px-1-16x12.jpg 16w\" sizes=\"(max-width: 2000px) 100vw, 2000px\" \/>\t\t<\/a>\n\t<\/div>\n\t\t<\/div>\n\t\t<div class=\"qodef-e-content\" style=\"margin-top:1px\">\n\t\t\t<div class=\"qodef-e-info-category\">\n\t\t\t<a itemprop=\"url\" class=\"qodef-e-category\" href=\"https:\/\/ferger-metallbau.de\/en\/portfolio-category\/gewerbe-industrie\/\">\n\t\t\tGewerbe &amp; Industrie\t\t<\/a>\n\t<\/div>\n\t\t\t<h4 itemprop=\"name\" class=\"qodef-e-title entry-title\" >\n\t<a itemprop=\"url\" class=\"qodef-e-title-link\" href=\"https:\/\/ferger-metallbau.de\/en\/portfolio-item\/berliner-carree-bf-1-alex-darmstadt-2\/\">\n\t\tFEIG Haus E, Weilburg\t<\/a>\n<\/h4>\t\t<\/div>\n\t<\/div>\n<\/article><article class=\"qodef-e qodef-grid-item post-1652 portfolio-item type-portfolio-item status-publish has-post-thumbnail hentry portfolio-category-gewerbe-industrie\">\n\t<div class=\"qodef-e-inner\" >\n\t\t<div class=\"qodef-e-image\">\n\t\t\t\t<div class=\"qodef-e-media-image\">\n\t\t<a itemprop=\"url\" href=\"https:\/\/ferger-metallbau.de\/en\/portfolio-item\/wuerth-erweiterung-geb-109-02-bad-mergentheim\/\">\n\t\t\t<img loading=\"lazy\" decoding=\"async\" width=\"2000\" height=\"1517\" src=\"https:\/\/ferger-metallbau.de\/wp-content\/uploads\/2021\/06\/Wu\u0308rth-Bad-Mergentheim_1_2000px.jpg\" class=\"attachment-full size-full wp-post-image\" alt=\"\" srcset=\"https:\/\/ferger-metallbau.de\/wp-content\/uploads\/2021\/06\/Wu\u0308rth-Bad-Mergentheim_1_2000px.jpg 2000w, https:\/\/ferger-metallbau.de\/wp-content\/uploads\/2021\/06\/Wu\u0308rth-Bad-Mergentheim_1_2000px-300x228.jpg 300w, https:\/\/ferger-metallbau.de\/wp-content\/uploads\/2021\/06\/Wu\u0308rth-Bad-Mergentheim_1_2000px-1024x777.jpg 1024w, https:\/\/ferger-metallbau.de\/wp-content\/uploads\/2021\/06\/Wu\u0308rth-Bad-Mergentheim_1_2000px-768x583.jpg 768w, https:\/\/ferger-metallbau.de\/wp-content\/uploads\/2021\/06\/Wu\u0308rth-Bad-Mergentheim_1_2000px-1536x1165.jpg 1536w, https:\/\/ferger-metallbau.de\/wp-content\/uploads\/2021\/06\/Wu\u0308rth-Bad-Mergentheim_1_2000px-16x12.jpg 16w\" sizes=\"(max-width: 2000px) 100vw, 2000px\" \/>\t\t<\/a>\n\t<\/div>\n\t\t<\/div>\n\t\t<div class=\"qodef-e-content\" style=\"margin-top:1px\">\n\t\t\t<div class=\"qodef-e-info-category\">\n\t\t\t<a itemprop=\"url\" class=\"qodef-e-category\" href=\"https:\/\/ferger-metallbau.de\/en\/portfolio-category\/gewerbe-industrie\/\">\n\t\t\tGewerbe &amp; Industrie\t\t<\/a>\n\t<\/div>\n\t\t\t<h4 itemprop=\"name\" class=\"qodef-e-title entry-title\" >\n\t<a itemprop=\"url\" class=\"qodef-e-title-link\" href=\"https:\/\/ferger-metallbau.de\/en\/portfolio-item\/wuerth-erweiterung-geb-109-02-bad-mergentheim\/\">\n\t\tW\u00fcrth  109-02, Bad Mergentheim\t<\/a>\n<\/h4>\t\t<\/div>\n\t<\/div>\n<\/article><article class=\"qodef-e qodef-grid-item post-1641 portfolio-item type-portfolio-item status-publish has-post-thumbnail hentry portfolio-category-gewerbe-industrie\">\n\t<div class=\"qodef-e-inner\" >\n\t\t<div class=\"qodef-e-image\">\n\t\t\t\t<div class=\"qodef-e-media-image\">\n\t\t<a itemprop=\"url\" href=\"https:\/\/ferger-metallbau.de\/en\/portfolio-item\/wolf-knittlingen\/\">\n\t\t\t<img loading=\"lazy\" decoding=\"async\" width=\"2000\" height=\"1394\" src=\"https:\/\/ferger-metallbau.de\/wp-content\/uploads\/2021\/06\/Wolf-Knittlingen_1_2000px.jpg\" class=\"attachment-full size-full wp-post-image\" alt=\"\" srcset=\"https:\/\/ferger-metallbau.de\/wp-content\/uploads\/2021\/06\/Wolf-Knittlingen_1_2000px.jpg 2000w, https:\/\/ferger-metallbau.de\/wp-content\/uploads\/2021\/06\/Wolf-Knittlingen_1_2000px-300x209.jpg 300w, https:\/\/ferger-metallbau.de\/wp-content\/uploads\/2021\/06\/Wolf-Knittlingen_1_2000px-1024x714.jpg 1024w, https:\/\/ferger-metallbau.de\/wp-content\/uploads\/2021\/06\/Wolf-Knittlingen_1_2000px-768x535.jpg 768w, https:\/\/ferger-metallbau.de\/wp-content\/uploads\/2021\/06\/Wolf-Knittlingen_1_2000px-1536x1071.jpg 1536w, https:\/\/ferger-metallbau.de\/wp-content\/uploads\/2021\/06\/Wolf-Knittlingen_1_2000px-16x12.jpg 16w\" sizes=\"(max-width: 2000px) 100vw, 2000px\" \/>\t\t<\/a>\n\t<\/div>\n\t\t<\/div>\n\t\t<div class=\"qodef-e-content\" style=\"margin-top:1px\">\n\t\t\t<div class=\"qodef-e-info-category\">\n\t\t\t<a itemprop=\"url\" class=\"qodef-e-category\" href=\"https:\/\/ferger-metallbau.de\/en\/portfolio-category\/gewerbe-industrie\/\">\n\t\t\tGewerbe &amp; Industrie\t\t<\/a>\n\t<\/div>\n\t\t\t<h4 itemprop=\"name\" class=\"qodef-e-title entry-title\" >\n\t<a itemprop=\"url\" class=\"qodef-e-title-link\" href=\"https:\/\/ferger-metallbau.de\/en\/portfolio-item\/wolf-knittlingen\/\">\n\t\tWolf, Knittlingen\t<\/a>\n<\/h4>\t\t<\/div>\n\t<\/div>\n<\/article><article class=\"qodef-e qodef-grid-item post-1627 portfolio-item type-portfolio-item status-publish has-post-thumbnail hentry portfolio-category-gewerbe-industrie\">\n\t<div class=\"qodef-e-inner\" >\n\t\t<div class=\"qodef-e-image\">\n\t\t\t\t<div class=\"qodef-e-media-image\">\n\t\t<a itemprop=\"url\" href=\"https:\/\/ferger-metallbau.de\/en\/portfolio-item\/warema-campus-marktheidenfeld\/\">\n\t\t\t<img loading=\"lazy\" decoding=\"async\" width=\"2000\" height=\"1328\" src=\"https:\/\/ferger-metallbau.de\/wp-content\/uploads\/2021\/06\/WAREMA-Campus-Marktheidenfeld_1_2000px.jpg\" class=\"attachment-full size-full wp-post-image\" alt=\"\" srcset=\"https:\/\/ferger-metallbau.de\/wp-content\/uploads\/2021\/06\/WAREMA-Campus-Marktheidenfeld_1_2000px.jpg 2000w, https:\/\/ferger-metallbau.de\/wp-content\/uploads\/2021\/06\/WAREMA-Campus-Marktheidenfeld_1_2000px-300x199.jpg 300w, https:\/\/ferger-metallbau.de\/wp-content\/uploads\/2021\/06\/WAREMA-Campus-Marktheidenfeld_1_2000px-1024x680.jpg 1024w, https:\/\/ferger-metallbau.de\/wp-content\/uploads\/2021\/06\/WAREMA-Campus-Marktheidenfeld_1_2000px-768x510.jpg 768w, https:\/\/ferger-metallbau.de\/wp-content\/uploads\/2021\/06\/WAREMA-Campus-Marktheidenfeld_1_2000px-1536x1020.jpg 1536w, https:\/\/ferger-metallbau.de\/wp-content\/uploads\/2021\/06\/WAREMA-Campus-Marktheidenfeld_1_2000px-16x12.jpg 16w\" sizes=\"(max-width: 2000px) 100vw, 2000px\" \/>\t\t<\/a>\n\t<\/div>\n\t\t<\/div>\n\t\t<div class=\"qodef-e-content\" style=\"margin-top:1px\">\n\t\t\t<div class=\"qodef-e-info-category\">\n\t\t\t<a itemprop=\"url\" class=\"qodef-e-category\" href=\"https:\/\/ferger-metallbau.de\/en\/portfolio-category\/gewerbe-industrie\/\">\n\t\t\tGewerbe &amp; Industrie\t\t<\/a>\n\t<\/div>\n\t\t\t<h4 itemprop=\"name\" class=\"qodef-e-title entry-title\" >\n\t<a itemprop=\"url\" class=\"qodef-e-title-link\" href=\"https:\/\/ferger-metallbau.de\/en\/portfolio-item\/warema-campus-marktheidenfeld\/\">\n\t\tWAREMA Campus, Marktheidenfeld\t<\/a>\n<\/h4>\t\t<\/div>\n\t<\/div>\n<\/article><article class=\"qodef-e qodef-grid-item post-1618 portfolio-item type-portfolio-item status-publish has-post-thumbnail hentry portfolio-category-gewerbe-industrie\">\n\t<div class=\"qodef-e-inner\" >\n\t\t<div class=\"qodef-e-image\">\n\t\t\t\t<div class=\"qodef-e-media-image\">\n\t\t<a itemprop=\"url\" href=\"https:\/\/ferger-metallbau.de\/en\/portfolio-item\/vw-autohaus-stuttgart-feuerbach\/\">\n\t\t\t<img loading=\"lazy\" decoding=\"async\" width=\"2000\" height=\"1278\" src=\"https:\/\/ferger-metallbau.de\/wp-content\/uploads\/2021\/06\/VW-Autohaus-Stuttgart-Feuerbach_2000px.jpg\" class=\"attachment-full size-full wp-post-image\" alt=\"\" srcset=\"https:\/\/ferger-metallbau.de\/wp-content\/uploads\/2021\/06\/VW-Autohaus-Stuttgart-Feuerbach_2000px.jpg 2000w, https:\/\/ferger-metallbau.de\/wp-content\/uploads\/2021\/06\/VW-Autohaus-Stuttgart-Feuerbach_2000px-300x192.jpg 300w, https:\/\/ferger-metallbau.de\/wp-content\/uploads\/2021\/06\/VW-Autohaus-Stuttgart-Feuerbach_2000px-1024x654.jpg 1024w, https:\/\/ferger-metallbau.de\/wp-content\/uploads\/2021\/06\/VW-Autohaus-Stuttgart-Feuerbach_2000px-768x491.jpg 768w, https:\/\/ferger-metallbau.de\/wp-content\/uploads\/2021\/06\/VW-Autohaus-Stuttgart-Feuerbach_2000px-1536x982.jpg 1536w, https:\/\/ferger-metallbau.de\/wp-content\/uploads\/2021\/06\/VW-Autohaus-Stuttgart-Feuerbach_2000px-16x10.jpg 16w\" sizes=\"(max-width: 2000px) 100vw, 2000px\" \/>\t\t<\/a>\n\t<\/div>\n\t\t<\/div>\n\t\t<div class=\"qodef-e-content\" style=\"margin-top:1px\">\n\t\t\t<div class=\"qodef-e-info-category\">\n\t\t\t<a itemprop=\"url\" class=\"qodef-e-category\" href=\"https:\/\/ferger-metallbau.de\/en\/portfolio-category\/gewerbe-industrie\/\">\n\t\t\tGewerbe &amp; Industrie\t\t<\/a>\n\t<\/div>\n\t\t\t<h4 itemprop=\"name\" class=\"qodef-e-title entry-title\" >\n\t<a itemprop=\"url\" class=\"qodef-e-title-link\" href=\"https:\/\/ferger-metallbau.de\/en\/portfolio-item\/vw-autohaus-stuttgart-feuerbach\/\">\n\t\tVW Autohaus, Stuttgart-Feuerbach\t<\/a>\n<\/h4>\t\t<\/div>\n\t<\/div>\n<\/article><article class=\"qodef-e qodef-grid-item post-1602 portfolio-item type-portfolio-item status-publish has-post-thumbnail hentry portfolio-category-gewerbe-industrie\">\n\t<div class=\"qodef-e-inner\" >\n\t\t<div class=\"qodef-e-image\">\n\t\t\t\t<div class=\"qodef-e-media-image\">\n\t\t<a itemprop=\"url\" href=\"https:\/\/ferger-metallbau.de\/en\/portfolio-item\/vgh-prinzenareal-hannover\/\">\n\t\t\t<img loading=\"lazy\" decoding=\"async\" width=\"2000\" height=\"1040\" src=\"https:\/\/ferger-metallbau.de\/wp-content\/uploads\/2021\/06\/VGH-Hannover_0022_2000px.jpg\" class=\"attachment-full size-full wp-post-image\" alt=\"\" srcset=\"https:\/\/ferger-metallbau.de\/wp-content\/uploads\/2021\/06\/VGH-Hannover_0022_2000px.jpg 2000w, https:\/\/ferger-metallbau.de\/wp-content\/uploads\/2021\/06\/VGH-Hannover_0022_2000px-300x156.jpg 300w, https:\/\/ferger-metallbau.de\/wp-content\/uploads\/2021\/06\/VGH-Hannover_0022_2000px-1024x532.jpg 1024w, https:\/\/ferger-metallbau.de\/wp-content\/uploads\/2021\/06\/VGH-Hannover_0022_2000px-768x399.jpg 768w, https:\/\/ferger-metallbau.de\/wp-content\/uploads\/2021\/06\/VGH-Hannover_0022_2000px-1536x799.jpg 1536w, https:\/\/ferger-metallbau.de\/wp-content\/uploads\/2021\/06\/VGH-Hannover_0022_2000px-16x8.jpg 16w\" sizes=\"(max-width: 2000px) 100vw, 2000px\" \/>\t\t<\/a>\n\t<\/div>\n\t\t<\/div>\n\t\t<div class=\"qodef-e-content\" style=\"margin-top:1px\">\n\t\t\t<div class=\"qodef-e-info-category\">\n\t\t\t<a itemprop=\"url\" class=\"qodef-e-category\" href=\"https:\/\/ferger-metallbau.de\/en\/portfolio-category\/gewerbe-industrie\/\">\n\t\t\tGewerbe &amp; Industrie\t\t<\/a>\n\t<\/div>\n\t\t\t<h4 itemprop=\"name\" class=\"qodef-e-title entry-title\" >\n\t<a itemprop=\"url\" class=\"qodef-e-title-link\" href=\"https:\/\/ferger-metallbau.de\/en\/portfolio-item\/vgh-prinzenareal-hannover\/\">\n\t\tVGH &#8211; Prinzenareal, Hannover\t<\/a>\n<\/h4>\t\t<\/div>\n\t<\/div>\n<\/article><article class=\"qodef-e qodef-grid-item post-1592 portfolio-item type-portfolio-item status-publish has-post-thumbnail hentry portfolio-category-oeffentliche-gebaeude\">\n\t<div class=\"qodef-e-inner\" >\n\t\t<div class=\"qodef-e-image\">\n\t\t\t\t<div class=\"qodef-e-media-image\">\n\t\t<a itemprop=\"url\" href=\"https:\/\/ferger-metallbau.de\/en\/portfolio-item\/universitaet-lern-und-bibliothekszentrum-paderborn\/\">\n\t\t\t<img loading=\"lazy\" decoding=\"async\" width=\"2000\" height=\"1574\" src=\"https:\/\/ferger-metallbau.de\/wp-content\/uploads\/2021\/06\/Uni-Lern-und-Bibliothekszentrum-Paderborn_1_2000px.jpg\" class=\"attachment-full size-full wp-post-image\" alt=\"\" srcset=\"https:\/\/ferger-metallbau.de\/wp-content\/uploads\/2021\/06\/Uni-Lern-und-Bibliothekszentrum-Paderborn_1_2000px.jpg 2000w, https:\/\/ferger-metallbau.de\/wp-content\/uploads\/2021\/06\/Uni-Lern-und-Bibliothekszentrum-Paderborn_1_2000px-300x236.jpg 300w, https:\/\/ferger-metallbau.de\/wp-content\/uploads\/2021\/06\/Uni-Lern-und-Bibliothekszentrum-Paderborn_1_2000px-1024x806.jpg 1024w, https:\/\/ferger-metallbau.de\/wp-content\/uploads\/2021\/06\/Uni-Lern-und-Bibliothekszentrum-Paderborn_1_2000px-768x604.jpg 768w, https:\/\/ferger-metallbau.de\/wp-content\/uploads\/2021\/06\/Uni-Lern-und-Bibliothekszentrum-Paderborn_1_2000px-1536x1209.jpg 1536w, https:\/\/ferger-metallbau.de\/wp-content\/uploads\/2021\/06\/Uni-Lern-und-Bibliothekszentrum-Paderborn_1_2000px-16x12.jpg 16w\" sizes=\"(max-width: 2000px) 100vw, 2000px\" \/>\t\t<\/a>\n\t<\/div>\n\t\t<\/div>\n\t\t<div class=\"qodef-e-content\" style=\"margin-top:1px\">\n\t\t\t<div class=\"qodef-e-info-category\">\n\t\t\t<a itemprop=\"url\" class=\"qodef-e-category\" href=\"https:\/\/ferger-metallbau.de\/en\/portfolio-category\/oeffentliche-gebaeude\/\">\n\t\t\t\u00d6ffentliche Geb\u00e4ude\t\t<\/a>\n\t<\/div>\n\t\t\t<h4 itemprop=\"name\" class=\"qodef-e-title entry-title\" >\n\t<a itemprop=\"url\" class=\"qodef-e-title-link\" href=\"https:\/\/ferger-metallbau.de\/en\/portfolio-item\/universitaet-lern-und-bibliothekszentrum-paderborn\/\">\n\t\tUniversit\u00e4t \/ Lern- und Bibliothekszentrum, Paderborn\t<\/a>\n<\/h4>\t\t<\/div>\n\t<\/div>\n<\/article><article class=\"qodef-e qodef-grid-item post-1578 portfolio-item type-portfolio-item status-publish has-post-thumbnail hentry portfolio-category-gewerbe-industrie\">\n\t<div class=\"qodef-e-inner\" >\n\t\t<div class=\"qodef-e-image\">\n\t\t\t\t<div class=\"qodef-e-media-image\">\n\t\t<a itemprop=\"url\" href=\"https:\/\/ferger-metallbau.de\/en\/portfolio-item\/twist-again-bern\/\">\n\t\t\t<img loading=\"lazy\" decoding=\"async\" width=\"2000\" height=\"1368\" src=\"https:\/\/ferger-metallbau.de\/wp-content\/uploads\/2021\/06\/Twist-again-Bern_1_2000px.jpg\" class=\"attachment-full size-full wp-post-image\" alt=\"\" srcset=\"https:\/\/ferger-metallbau.de\/wp-content\/uploads\/2021\/06\/Twist-again-Bern_1_2000px.jpg 2000w, https:\/\/ferger-metallbau.de\/wp-content\/uploads\/2021\/06\/Twist-again-Bern_1_2000px-300x205.jpg 300w, https:\/\/ferger-metallbau.de\/wp-content\/uploads\/2021\/06\/Twist-again-Bern_1_2000px-1024x700.jpg 1024w, https:\/\/ferger-metallbau.de\/wp-content\/uploads\/2021\/06\/Twist-again-Bern_1_2000px-768x525.jpg 768w, https:\/\/ferger-metallbau.de\/wp-content\/uploads\/2021\/06\/Twist-again-Bern_1_2000px-1536x1051.jpg 1536w, https:\/\/ferger-metallbau.de\/wp-content\/uploads\/2021\/06\/Twist-again-Bern_1_2000px-16x12.jpg 16w\" sizes=\"(max-width: 2000px) 100vw, 2000px\" \/>\t\t<\/a>\n\t<\/div>\n\t\t<\/div>\n\t\t<div class=\"qodef-e-content\" style=\"margin-top:1px\">\n\t\t\t<div class=\"qodef-e-info-category\">\n\t\t\t<a itemprop=\"url\" class=\"qodef-e-category\" href=\"https:\/\/ferger-metallbau.de\/en\/portfolio-category\/gewerbe-industrie\/\">\n\t\t\tGewerbe &amp; Industrie\t\t<\/a>\n\t<\/div>\n\t\t\t<h4 itemprop=\"name\" class=\"qodef-e-title entry-title\" >\n\t<a itemprop=\"url\" class=\"qodef-e-title-link\" href=\"https:\/\/ferger-metallbau.de\/en\/portfolio-item\/twist-again-bern\/\">\n\t\tTwist Again, Bern\t<\/a>\n<\/h4>\t\t<\/div>\n\t<\/div>\n<\/article><article class=\"qodef-e qodef-grid-item post-1554 portfolio-item type-portfolio-item status-publish has-post-thumbnail hentry portfolio-category-hotels\">\n\t<div class=\"qodef-e-inner\" >\n\t\t<div class=\"qodef-e-image\">\n\t\t\t\t<div class=\"qodef-e-media-image\">\n\t\t<a itemprop=\"url\" href=\"https:\/\/ferger-metallbau.de\/en\/portfolio-item\/the-flag-boardinghouse-muenchen\/\">\n\t\t\t<img loading=\"lazy\" decoding=\"async\" width=\"2000\" height=\"1442\" src=\"https:\/\/ferger-metallbau.de\/wp-content\/uploads\/2021\/06\/The-Flag-Mu\u0308nchen_1_2000px.jpg\" class=\"attachment-full size-full wp-post-image\" alt=\"\" srcset=\"https:\/\/ferger-metallbau.de\/wp-content\/uploads\/2021\/06\/The-Flag-Mu\u0308nchen_1_2000px.jpg 2000w, https:\/\/ferger-metallbau.de\/wp-content\/uploads\/2021\/06\/The-Flag-Mu\u0308nchen_1_2000px-300x216.jpg 300w, https:\/\/ferger-metallbau.de\/wp-content\/uploads\/2021\/06\/The-Flag-Mu\u0308nchen_1_2000px-1024x738.jpg 1024w, https:\/\/ferger-metallbau.de\/wp-content\/uploads\/2021\/06\/The-Flag-Mu\u0308nchen_1_2000px-768x554.jpg 768w, https:\/\/ferger-metallbau.de\/wp-content\/uploads\/2021\/06\/The-Flag-Mu\u0308nchen_1_2000px-1536x1107.jpg 1536w, https:\/\/ferger-metallbau.de\/wp-content\/uploads\/2021\/06\/The-Flag-Mu\u0308nchen_1_2000px-16x12.jpg 16w\" sizes=\"(max-width: 2000px) 100vw, 2000px\" \/>\t\t<\/a>\n\t<\/div>\n\t\t<\/div>\n\t\t<div class=\"qodef-e-content\" style=\"margin-top:1px\">\n\t\t\t<div class=\"qodef-e-info-category\">\n\t\t\t<a itemprop=\"url\" class=\"qodef-e-category\" href=\"https:\/\/ferger-metallbau.de\/en\/portfolio-category\/hotels\/\">\n\t\t\tHotels\t\t<\/a>\n\t<\/div>\n\t\t\t<h4 itemprop=\"name\" class=\"qodef-e-title entry-title\" >\n\t<a itemprop=\"url\" class=\"qodef-e-title-link\" href=\"https:\/\/ferger-metallbau.de\/en\/portfolio-item\/the-flag-boardinghouse-muenchen\/\">\n\t\tThe Flag &#8211; Boardinghouse, M\u00fcnchen\t<\/a>\n<\/h4>\t\t<\/div>\n\t<\/div>\n<\/article><article class=\"qodef-e qodef-grid-item post-1543 portfolio-item type-portfolio-item status-publish has-post-thumbnail hentry portfolio-category-gewerbe-industrie\">\n\t<div class=\"qodef-e-inner\" >\n\t\t<div class=\"qodef-e-image\">\n\t\t\t\t<div class=\"qodef-e-media-image\">\n\t\t<a itemprop=\"url\" href=\"https:\/\/ferger-metallbau.de\/en\/portfolio-item\/stier-schorndorf\/\">\n\t\t\t<img loading=\"lazy\" decoding=\"async\" width=\"2000\" height=\"1333\" src=\"https:\/\/ferger-metallbau.de\/wp-content\/uploads\/2021\/06\/Stier-Schorndorf_1_2000px.jpg\" class=\"attachment-full size-full wp-post-image\" alt=\"\" srcset=\"https:\/\/ferger-metallbau.de\/wp-content\/uploads\/2021\/06\/Stier-Schorndorf_1_2000px.jpg 2000w, https:\/\/ferger-metallbau.de\/wp-content\/uploads\/2021\/06\/Stier-Schorndorf_1_2000px-300x200.jpg 300w, https:\/\/ferger-metallbau.de\/wp-content\/uploads\/2021\/06\/Stier-Schorndorf_1_2000px-1024x682.jpg 1024w, https:\/\/ferger-metallbau.de\/wp-content\/uploads\/2021\/06\/Stier-Schorndorf_1_2000px-768x512.jpg 768w, https:\/\/ferger-metallbau.de\/wp-content\/uploads\/2021\/06\/Stier-Schorndorf_1_2000px-1536x1024.jpg 1536w, https:\/\/ferger-metallbau.de\/wp-content\/uploads\/2021\/06\/Stier-Schorndorf_1_2000px-16x12.jpg 16w\" sizes=\"(max-width: 2000px) 100vw, 2000px\" \/>\t\t<\/a>\n\t<\/div>\n\t\t<\/div>\n\t\t<div class=\"qodef-e-content\" style=\"margin-top:1px\">\n\t\t\t<div class=\"qodef-e-info-category\">\n\t\t\t<a itemprop=\"url\" class=\"qodef-e-category\" href=\"https:\/\/ferger-metallbau.de\/en\/portfolio-category\/gewerbe-industrie\/\">\n\t\t\tGewerbe &amp; Industrie\t\t<\/a>\n\t<\/div>\n\t\t\t<h4 itemprop=\"name\" class=\"qodef-e-title entry-title\" >\n\t<a itemprop=\"url\" class=\"qodef-e-title-link\" href=\"https:\/\/ferger-metallbau.de\/en\/portfolio-item\/stier-schorndorf\/\">\n\t\tStier, Schorndorf\t<\/a>\n<\/h4>\t\t<\/div>\n\t<\/div>\n<\/article><article class=\"qodef-e qodef-grid-item post-1532 portfolio-item type-portfolio-item status-publish has-post-thumbnail hentry portfolio-category-gewerbe-industrie\">\n\t<div class=\"qodef-e-inner\" >\n\t\t<div class=\"qodef-e-image\">\n\t\t\t\t<div class=\"qodef-e-media-image\">\n\t\t<a itemprop=\"url\" href=\"https:\/\/ferger-metallbau.de\/en\/portfolio-item\/stahl-koeln\/\">\n\t\t\t<img loading=\"lazy\" decoding=\"async\" width=\"2000\" height=\"1304\" src=\"https:\/\/ferger-metallbau.de\/wp-content\/uploads\/2021\/06\/Stahl-Ko\u0308ln_1_2000px.jpg\" class=\"attachment-full size-full wp-post-image\" alt=\"\" srcset=\"https:\/\/ferger-metallbau.de\/wp-content\/uploads\/2021\/06\/Stahl-Ko\u0308ln_1_2000px.jpg 2000w, https:\/\/ferger-metallbau.de\/wp-content\/uploads\/2021\/06\/Stahl-Ko\u0308ln_1_2000px-300x196.jpg 300w, https:\/\/ferger-metallbau.de\/wp-content\/uploads\/2021\/06\/Stahl-Ko\u0308ln_1_2000px-1024x668.jpg 1024w, https:\/\/ferger-metallbau.de\/wp-content\/uploads\/2021\/06\/Stahl-Ko\u0308ln_1_2000px-768x501.jpg 768w, https:\/\/ferger-metallbau.de\/wp-content\/uploads\/2021\/06\/Stahl-Ko\u0308ln_1_2000px-1536x1001.jpg 1536w, https:\/\/ferger-metallbau.de\/wp-content\/uploads\/2021\/06\/Stahl-Ko\u0308ln_1_2000px-16x10.jpg 16w\" sizes=\"(max-width: 2000px) 100vw, 2000px\" \/>\t\t<\/a>\n\t<\/div>\n\t\t<\/div>\n\t\t<div class=\"qodef-e-content\" style=\"margin-top:1px\">\n\t\t\t<div class=\"qodef-e-info-category\">\n\t\t\t<a itemprop=\"url\" class=\"qodef-e-category\" href=\"https:\/\/ferger-metallbau.de\/en\/portfolio-category\/gewerbe-industrie\/\">\n\t\t\tGewerbe &amp; Industrie\t\t<\/a>\n\t<\/div>\n\t\t\t<h4 itemprop=\"name\" class=\"qodef-e-title entry-title\" >\n\t<a itemprop=\"url\" class=\"qodef-e-title-link\" href=\"https:\/\/ferger-metallbau.de\/en\/portfolio-item\/stahl-koeln\/\">\n\t\tStahl, K\u00f6ln\t<\/a>\n<\/h4>\t\t<\/div>\n\t<\/div>\n<\/article><article class=\"qodef-e qodef-grid-item post-1522 portfolio-item type-portfolio-item status-publish has-post-thumbnail hentry portfolio-category-gewerbe-industrie\">\n\t<div class=\"qodef-e-inner\" >\n\t\t<div class=\"qodef-e-image\">\n\t\t\t\t<div class=\"qodef-e-media-image\">\n\t\t<a itemprop=\"url\" href=\"https:\/\/ferger-metallbau.de\/en\/portfolio-item\/schwalbe-hybrid-building-reichshof-wehnrath\/\">\n\t\t\t<img loading=\"lazy\" decoding=\"async\" width=\"2000\" height=\"2031\" src=\"https:\/\/ferger-metallbau.de\/wp-content\/uploads\/2021\/06\/Schwalbe-Hybrid-Building-Reichshof-Wehnrath_2000px.jpg\" class=\"attachment-full size-full wp-post-image\" alt=\"\" srcset=\"https:\/\/ferger-metallbau.de\/wp-content\/uploads\/2021\/06\/Schwalbe-Hybrid-Building-Reichshof-Wehnrath_2000px.jpg 2000w, https:\/\/ferger-metallbau.de\/wp-content\/uploads\/2021\/06\/Schwalbe-Hybrid-Building-Reichshof-Wehnrath_2000px-295x300.jpg 295w, https:\/\/ferger-metallbau.de\/wp-content\/uploads\/2021\/06\/Schwalbe-Hybrid-Building-Reichshof-Wehnrath_2000px-1008x1024.jpg 1008w, https:\/\/ferger-metallbau.de\/wp-content\/uploads\/2021\/06\/Schwalbe-Hybrid-Building-Reichshof-Wehnrath_2000px-768x780.jpg 768w, https:\/\/ferger-metallbau.de\/wp-content\/uploads\/2021\/06\/Schwalbe-Hybrid-Building-Reichshof-Wehnrath_2000px-1513x1536.jpg 1513w, https:\/\/ferger-metallbau.de\/wp-content\/uploads\/2021\/06\/Schwalbe-Hybrid-Building-Reichshof-Wehnrath_2000px-12x12.jpg 12w, https:\/\/ferger-metallbau.de\/wp-content\/uploads\/2021\/06\/Schwalbe-Hybrid-Building-Reichshof-Wehnrath_2000px-82x82.jpg 82w\" sizes=\"(max-width: 2000px) 100vw, 2000px\" \/>\t\t<\/a>\n\t<\/div>\n\t\t<\/div>\n\t\t<div class=\"qodef-e-content\" style=\"margin-top:1px\">\n\t\t\t<div class=\"qodef-e-info-category\">\n\t\t\t<a itemprop=\"url\" class=\"qodef-e-category\" href=\"https:\/\/ferger-metallbau.de\/en\/portfolio-category\/gewerbe-industrie\/\">\n\t\t\tGewerbe &amp; Industrie\t\t<\/a>\n\t<\/div>\n\t\t\t<h4 itemprop=\"name\" class=\"qodef-e-title entry-title\" >\n\t<a itemprop=\"url\" class=\"qodef-e-title-link\" href=\"https:\/\/ferger-metallbau.de\/en\/portfolio-item\/schwalbe-hybrid-building-reichshof-wehnrath\/\">\n\t\tSchwalbe Hybrid Building, Reichshof-Wehnrath\t<\/a>\n<\/h4>\t\t<\/div>\n\t<\/div>\n<\/article><article class=\"qodef-e qodef-grid-item post-1508 portfolio-item type-portfolio-item status-publish has-post-thumbnail hentry portfolio-category-oeffentliche-gebaeude\">\n\t<div class=\"qodef-e-inner\" >\n\t\t<div class=\"qodef-e-image\">\n\t\t\t\t<div class=\"qodef-e-media-image\">\n\t\t<a itemprop=\"url\" href=\"https:\/\/ferger-metallbau.de\/en\/portfolio-item\/ruhr-universitaet-bochum\/\">\n\t\t\t<img loading=\"lazy\" decoding=\"async\" width=\"2000\" height=\"1392\" src=\"https:\/\/ferger-metallbau.de\/wp-content\/uploads\/2021\/06\/Ruhr-Universita\u0308t-Bochum_1_2000px.jpg\" class=\"attachment-full size-full wp-post-image\" alt=\"\" srcset=\"https:\/\/ferger-metallbau.de\/wp-content\/uploads\/2021\/06\/Ruhr-Universita\u0308t-Bochum_1_2000px.jpg 2000w, https:\/\/ferger-metallbau.de\/wp-content\/uploads\/2021\/06\/Ruhr-Universita\u0308t-Bochum_1_2000px-300x209.jpg 300w, https:\/\/ferger-metallbau.de\/wp-content\/uploads\/2021\/06\/Ruhr-Universita\u0308t-Bochum_1_2000px-1024x713.jpg 1024w, https:\/\/ferger-metallbau.de\/wp-content\/uploads\/2021\/06\/Ruhr-Universita\u0308t-Bochum_1_2000px-768x535.jpg 768w, https:\/\/ferger-metallbau.de\/wp-content\/uploads\/2021\/06\/Ruhr-Universita\u0308t-Bochum_1_2000px-1536x1069.jpg 1536w, https:\/\/ferger-metallbau.de\/wp-content\/uploads\/2021\/06\/Ruhr-Universita\u0308t-Bochum_1_2000px-16x12.jpg 16w\" sizes=\"(max-width: 2000px) 100vw, 2000px\" \/>\t\t<\/a>\n\t<\/div>\n\t\t<\/div>\n\t\t<div class=\"qodef-e-content\" style=\"margin-top:1px\">\n\t\t\t<div class=\"qodef-e-info-category\">\n\t\t\t<a itemprop=\"url\" class=\"qodef-e-category\" href=\"https:\/\/ferger-metallbau.de\/en\/portfolio-category\/oeffentliche-gebaeude\/\">\n\t\t\t\u00d6ffentliche Geb\u00e4ude\t\t<\/a>\n\t<\/div>\n\t\t\t<h4 itemprop=\"name\" class=\"qodef-e-title entry-title\" >\n\t<a itemprop=\"url\" class=\"qodef-e-title-link\" href=\"https:\/\/ferger-metallbau.de\/en\/portfolio-item\/ruhr-universitaet-bochum\/\">\n\t\tRuhr-Universit\u00e4t, Bochum\t<\/a>\n<\/h4>\t\t<\/div>\n\t<\/div>\n<\/article><article class=\"qodef-e qodef-grid-item post-1495 portfolio-item type-portfolio-item status-publish has-post-thumbnail hentry portfolio-category-oeffentliche-gebaeude\">\n\t<div class=\"qodef-e-inner\" >\n\t\t<div class=\"qodef-e-image\">\n\t\t\t\t<div class=\"qodef-e-media-image\">\n\t\t<a itemprop=\"url\" href=\"https:\/\/ferger-metallbau.de\/en\/portfolio-item\/rhoen-klinikum-rka-nes-campus-zkm-1-ba-und-zam-2-ba-bad-neustadt\/\">\n\t\t\t<img loading=\"lazy\" decoding=\"async\" width=\"2000\" height=\"1222\" src=\"https:\/\/ferger-metallbau.de\/wp-content\/uploads\/2021\/06\/Rho\u0308n-Klinikum-Bad-Neustadt_1_2000px.jpg\" class=\"attachment-full size-full wp-post-image\" alt=\"\" srcset=\"https:\/\/ferger-metallbau.de\/wp-content\/uploads\/2021\/06\/Rho\u0308n-Klinikum-Bad-Neustadt_1_2000px.jpg 2000w, https:\/\/ferger-metallbau.de\/wp-content\/uploads\/2021\/06\/Rho\u0308n-Klinikum-Bad-Neustadt_1_2000px-300x183.jpg 300w, https:\/\/ferger-metallbau.de\/wp-content\/uploads\/2021\/06\/Rho\u0308n-Klinikum-Bad-Neustadt_1_2000px-1024x626.jpg 1024w, https:\/\/ferger-metallbau.de\/wp-content\/uploads\/2021\/06\/Rho\u0308n-Klinikum-Bad-Neustadt_1_2000px-768x469.jpg 768w, https:\/\/ferger-metallbau.de\/wp-content\/uploads\/2021\/06\/Rho\u0308n-Klinikum-Bad-Neustadt_1_2000px-1536x938.jpg 1536w, https:\/\/ferger-metallbau.de\/wp-content\/uploads\/2021\/06\/Rho\u0308n-Klinikum-Bad-Neustadt_1_2000px-16x10.jpg 16w\" sizes=\"(max-width: 2000px) 100vw, 2000px\" \/>\t\t<\/a>\n\t<\/div>\n\t\t<\/div>\n\t\t<div class=\"qodef-e-content\" style=\"margin-top:1px\">\n\t\t\t<div class=\"qodef-e-info-category\">\n\t\t\t<a itemprop=\"url\" class=\"qodef-e-category\" href=\"https:\/\/ferger-metallbau.de\/en\/portfolio-category\/oeffentliche-gebaeude\/\">\n\t\t\t\u00d6ffentliche Geb\u00e4ude\t\t<\/a>\n\t<\/div>\n\t\t\t<h4 itemprop=\"name\" class=\"qodef-e-title entry-title\" >\n\t<a itemprop=\"url\" class=\"qodef-e-title-link\" href=\"https:\/\/ferger-metallbau.de\/en\/portfolio-item\/rhoen-klinikum-rka-nes-campus-zkm-1-ba-und-zam-2-ba-bad-neustadt\/\">\n\t\tRh\u00f6n-Klinikum RKA NES Campus \/ ZkM und ZaM, Bad Neustadt\t<\/a>\n<\/h4>\t\t<\/div>\n\t<\/div>\n<\/article><article class=\"qodef-e qodef-grid-item post-1486 portfolio-item type-portfolio-item status-publish has-post-thumbnail hentry portfolio-category-gewerbe-industrie\">\n\t<div class=\"qodef-e-inner\" >\n\t\t<div class=\"qodef-e-image\">\n\t\t\t\t<div class=\"qodef-e-media-image\">\n\t\t<a itemprop=\"url\" href=\"https:\/\/ferger-metallbau.de\/en\/portfolio-item\/rheinenergie-1-ba-koeln\/\">\n\t\t\t<img loading=\"lazy\" decoding=\"async\" width=\"2000\" height=\"1271\" src=\"https:\/\/ferger-metallbau.de\/wp-content\/uploads\/2021\/06\/RheinEnergie-Ko\u0308ln_2_2000px.jpg\" class=\"attachment-full size-full wp-post-image\" alt=\"\" srcset=\"https:\/\/ferger-metallbau.de\/wp-content\/uploads\/2021\/06\/RheinEnergie-Ko\u0308ln_2_2000px.jpg 2000w, https:\/\/ferger-metallbau.de\/wp-content\/uploads\/2021\/06\/RheinEnergie-Ko\u0308ln_2_2000px-300x191.jpg 300w, https:\/\/ferger-metallbau.de\/wp-content\/uploads\/2021\/06\/RheinEnergie-Ko\u0308ln_2_2000px-1024x651.jpg 1024w, https:\/\/ferger-metallbau.de\/wp-content\/uploads\/2021\/06\/RheinEnergie-Ko\u0308ln_2_2000px-768x488.jpg 768w, https:\/\/ferger-metallbau.de\/wp-content\/uploads\/2021\/06\/RheinEnergie-Ko\u0308ln_2_2000px-1536x976.jpg 1536w, https:\/\/ferger-metallbau.de\/wp-content\/uploads\/2021\/06\/RheinEnergie-Ko\u0308ln_2_2000px-16x10.jpg 16w\" sizes=\"(max-width: 2000px) 100vw, 2000px\" \/>\t\t<\/a>\n\t<\/div>\n\t\t<\/div>\n\t\t<div class=\"qodef-e-content\" style=\"margin-top:1px\">\n\t\t\t<div class=\"qodef-e-info-category\">\n\t\t\t<a itemprop=\"url\" class=\"qodef-e-category\" href=\"https:\/\/ferger-metallbau.de\/en\/portfolio-category\/gewerbe-industrie\/\">\n\t\t\tGewerbe &amp; Industrie\t\t<\/a>\n\t<\/div>\n\t\t\t<h4 itemprop=\"name\" class=\"qodef-e-title entry-title\" >\n\t<a itemprop=\"url\" class=\"qodef-e-title-link\" href=\"https:\/\/ferger-metallbau.de\/en\/portfolio-item\/rheinenergie-1-ba-koeln\/\">\n\t\tRheinEnergie, K\u00f6ln\t<\/a>\n<\/h4>\t\t<\/div>\n\t<\/div>\n<\/article>\t<\/div>\n\t\t<div class=\"qodef-m-pagination qodef--load-more\" style=\"margin-top:0px\">\n\t\t<div class=\"qodef-m-pagination-inner\">\n\t\t\t<a class=\"qodef-shortcode qodef-m qodef-load-more-button qodef-button qodef-layout--filled  qodef-html--link\" href=\"#\" target=\"_self\"  >\t<span class=\"qodef-m-text\">        Load More        <svg class=\"qodef-m-arrowline\" xmlns=\"http:\/\/www.w3.org\/2000\/svg\" xmlns:xlink=\"http:\/\/www.w3.org\/1999\/xlink\" x=\"0px\" y=\"0px\" viewbox=\"0 0 63 20\" xml:space=\"preserve\">                            <line x1=\"61.6\" y1=\"10\" x2=\"61.6\" y2=\"10\"\/>                            <line x1=\"62\" y1=\"10\" x2=\"61.6\" y2=\"10\"\/>                            <line x1=\"61.6\" y1=\"10\" x2=\"1\" y2=\"10\"\/>                            <path d=\"M61.6,10\"\/>                            <line x1=\"61.6\" y1=\"10\" x2=\"61.6\" y2=\"10\"\/>                            <line class=\"arrow-up\" x1=\"56.7\" y1=\"5.1\" x2=\"61.6\" y2=\"10\"\/>                            <path d=\"M61.6,10\"\/>                            <line x1=\"61.6\" y1=\"10\" x2=\"61.6\" y2=\"10\"\/>                            <line class=\"arrow-down\" x1=\"61.6\" y1=\"10\" x2=\"56.7\" y2=\"14.9\"\/>                        <\/svg>    <\/span><\/a>\t\t<\/div>\n\t<\/div>\n\t<\/div>\t\t\t\t<\/div>\n\t\t\t\t<\/div>\n\t\t\t\t\t<\/div>\n\t\t<\/div>\n\t\t\t\t\t<\/div>\n\t\t<\/section>\n\t\t\t\t<\/div>","protected":false},"excerpt":{"rendered":"<p>Unsere Arbeit Referenzen M\u00f6chten Sie unsere gesamten Referenzen \u00fcbersichtlich zusammengefasst sehen? Dann k\u00f6nnen Sie hier unsere Referenzliste downloaden. Download Show All Gewerbe &amp; Industrie Hotels \u00d6ffentliche Geb\u00e4ude Gewerbe &amp; Industrie ProfiCamp, Frankfurt Gewerbe &amp; Industrie DFKI &#8211; 3.BA, Kaiserslautern Gewerbe &amp; Industrie Bosch Bue-119, B\u00fchl Gewerbe &amp; Industrie IEE, Bissen Gewerbe &amp; Industrie Nintendo, Frankfurt [&hellip;]<\/p>\n","protected":false},"author":1,"featured_media":0,"parent":0,"menu_order":0,"comment_status":"closed","ping_status":"closed","template":"","meta":{"inline_featured_image":false,"footnotes":""},"class_list":["post-259","page","type-page","status-publish","hentry"],"_links":{"self":[{"href":"https:\/\/ferger-metallbau.de\/en\/wp-json\/wp\/v2\/pages\/259","targetHints":{"allow":["GET"]}}],"collection":[{"href":"https:\/\/ferger-metallbau.de\/en\/wp-json\/wp\/v2\/pages"}],"about":[{"href":"https:\/\/ferger-metallbau.de\/en\/wp-json\/wp\/v2\/types\/page"}],"author":[{"embeddable":true,"href":"https:\/\/ferger-metallbau.de\/en\/wp-json\/wp\/v2\/users\/1"}],"replies":[{"embeddable":true,"href":"https:\/\/ferger-metallbau.de\/en\/wp-json\/wp\/v2\/comments?post=259"}],"version-history":[{"count":103,"href":"https:\/\/ferger-metallbau.de\/en\/wp-json\/wp\/v2\/pages\/259\/revisions"}],"predecessor-version":[{"id":4396,"href":"https:\/\/ferger-metallbau.de\/en\/wp-json\/wp\/v2\/pages\/259\/revisions\/4396"}],"wp:attachment":[{"href":"https:\/\/ferger-metallbau.de\/en\/wp-json\/wp\/v2\/media?parent=259"}],"curies":[{"name":"wp","href":"https:\/\/api.w.org\/{rel}","templated":true}]}}