{"id":572,"date":"2021-05-25T10:27:51","date_gmt":"2021-05-25T08:27:51","guid":{"rendered":"http:\/\/relaunch2021.ferger-metallbau.de\/?page_id=572"},"modified":"2026-03-18T09:42:40","modified_gmt":"2026-03-18T08:42:40","slug":"news","status":"publish","type":"page","link":"https:\/\/ferger-metallbau.de\/en\/news\/","title":{"rendered":"News"},"content":{"rendered":"<div data-elementor-type=\"wp-page\" data-elementor-id=\"572\" class=\"elementor elementor-572\">\n\t\t\t\t\t\t<section class=\"elementor-section elementor-top-section elementor-element elementor-element-9610908 elementor-section-stretched elementor-section-boxed elementor-section-height-default elementor-section-height-default qodef-elementor-content-no\" data-id=\"9610908\" data-element_type=\"section\" data-e-type=\"section\" data-settings=\"{&quot;stretch_section&quot;:&quot;section-stretched&quot;,&quot;background_background&quot;:&quot;classic&quot;}\">\n\t\t\t\t\t\t<div class=\"elementor-container elementor-column-gap-default\">\n\t\t\t\t\t<div class=\"elementor-column elementor-col-33 elementor-top-column elementor-element elementor-element-0d0975f\" data-id=\"0d0975f\" data-element_type=\"column\" data-e-type=\"column\">\n\t\t\t<div class=\"elementor-widget-wrap elementor-element-populated\">\n\t\t\t\t\t\t<div class=\"elementor-element elementor-element-f5d8dd8 elementor-widget elementor-widget-spacer\" data-id=\"f5d8dd8\" data-element_type=\"widget\" data-e-type=\"widget\" data-widget_type=\"spacer.default\">\n\t\t\t\t<div class=\"elementor-widget-container\">\n\t\t\t\t\t\t\t<div class=\"elementor-spacer\">\n\t\t\t<div class=\"elementor-spacer-inner\"><\/div>\n\t\t<\/div>\n\t\t\t\t\t\t<\/div>\n\t\t\t\t<\/div>\n\t\t\t\t<div class=\"elementor-element elementor-element-6615930 elementor-widget elementor-widget-text-editor\" data-id=\"6615930\" data-element_type=\"widget\" data-e-type=\"widget\" data-widget_type=\"text-editor.default\">\n\t\t\t\t<div class=\"elementor-widget-container\">\n\t\t\t\t\t\t\t\t\t<h5><strong>Unsere<\/strong><\/h5><h1>News<\/h1><h1><strong>\u00a0<\/strong><\/h1>\t\t\t\t\t\t\t\t<\/div>\n\t\t\t\t<\/div>\n\t\t\t\t\t<\/div>\n\t\t<\/div>\n\t\t\t\t<div class=\"elementor-column elementor-col-66 elementor-top-column elementor-element elementor-element-00c5637\" data-id=\"00c5637\" data-element_type=\"column\" data-e-type=\"column\">\n\t\t\t<div class=\"elementor-widget-wrap elementor-element-populated\">\n\t\t\t\t\t\t<div class=\"elementor-element elementor-element-bc2d51a elementor-widget elementor-widget-spacer\" data-id=\"bc2d51a\" data-element_type=\"widget\" data-e-type=\"widget\" data-widget_type=\"spacer.default\">\n\t\t\t\t<div class=\"elementor-widget-container\">\n\t\t\t\t\t\t\t<div class=\"elementor-spacer\">\n\t\t\t<div class=\"elementor-spacer-inner\"><\/div>\n\t\t<\/div>\n\t\t\t\t\t\t<\/div>\n\t\t\t\t<\/div>\n\t\t\t\t\t<\/div>\n\t\t<\/div>\n\t\t\t\t\t<\/div>\n\t\t<\/section>\n\t\t\t\t<section class=\"elementor-section elementor-top-section elementor-element elementor-element-3924d02 elementor-section-stretched elementor-section-boxed elementor-section-height-default elementor-section-height-default qodef-elementor-content-no\" data-id=\"3924d02\" data-element_type=\"section\" data-e-type=\"section\" data-settings=\"{&quot;stretch_section&quot;:&quot;section-stretched&quot;}\">\n\t\t\t\t\t\t<div class=\"elementor-container elementor-column-gap-wider\">\n\t\t\t\t\t<div class=\"elementor-column elementor-col-33 elementor-top-column elementor-element elementor-element-4552740\" data-id=\"4552740\" data-element_type=\"column\" data-e-type=\"column\">\n\t\t\t<div class=\"elementor-widget-wrap\">\n\t\t\t\t\t\t\t<\/div>\n\t\t<\/div>\n\t\t\t\t<div class=\"elementor-column elementor-col-66 elementor-top-column elementor-element elementor-element-02af6ea\" data-id=\"02af6ea\" data-element_type=\"column\" data-e-type=\"column\">\n\t\t\t<div class=\"elementor-widget-wrap elementor-element-populated\">\n\t\t\t\t\t\t<div class=\"elementor-element elementor-element-8d109d8 elementor-widget elementor-widget-qi_addons_for_elementor_blog_list\" data-id=\"8d109d8\" data-element_type=\"widget\" data-e-type=\"widget\" data-widget_type=\"qi_addons_for_elementor_blog_list.default\">\n\t\t\t\t<div class=\"elementor-widget-container\">\n\t\t\t\t\t<div class=\"qodef-shortcode qodef-m qodef-addons-blog-list qodef-info-no-icons qodef-image--hover-zoom qodef-qi-grid qodef-layout--qi-columns qodef-col-num--2 qodef-item-layout--boxed qodef-responsive--predefined\" >\n\t<div class=\"qodef-grid-inner\">\n\t\t<article class=\"qodef-e qodef-blog-item qodef-grid-item qodef-item--full post-4204 post type-post status-publish format-standard has-post-thumbnail hentry category-allgemein category-team tag-ehrung-mitarbeiter tag-weihnachtsfeier\">\n\t<div class=\"qodef-e-inner\">\n\t\t<div class=\"qodef-e-media-holder\">\n\t\t\t<div class=\"qodef-e-media\">\n\t\t<div class=\"qodef-e-media-image\">\n\t\t<a itemprop=\"url\" href=\"https:\/\/ferger-metallbau.de\/en\/2026\/02\/24\/ehrung-langjaehriger-mitarbeiter-2025-2\/\">\n\t\t\t<img fetchpriority=\"high\" decoding=\"async\" width=\"2560\" height=\"1920\" src=\"https:\/\/ferger-metallbau.de\/wp-content\/uploads\/2026\/02\/IMG_6358-scaled.jpg\" class=\"attachment-full size-full\" alt=\"\" srcset=\"https:\/\/ferger-metallbau.de\/wp-content\/uploads\/2026\/02\/IMG_6358-scaled.jpg 2560w, https:\/\/ferger-metallbau.de\/wp-content\/uploads\/2026\/02\/IMG_6358-300x225.jpg 300w, https:\/\/ferger-metallbau.de\/wp-content\/uploads\/2026\/02\/IMG_6358-1024x768.jpg 1024w, https:\/\/ferger-metallbau.de\/wp-content\/uploads\/2026\/02\/IMG_6358-768x576.jpg 768w, https:\/\/ferger-metallbau.de\/wp-content\/uploads\/2026\/02\/IMG_6358-1536x1152.jpg 1536w, https:\/\/ferger-metallbau.de\/wp-content\/uploads\/2026\/02\/IMG_6358-2048x1536.jpg 2048w, https:\/\/ferger-metallbau.de\/wp-content\/uploads\/2026\/02\/IMG_6358-16x12.jpg 16w\" sizes=\"(max-width: 2560px) 100vw, 2560px\" \/>\t\t<\/a>\n\t\t\t<\/div>\n<\/div>\n<div itemprop=\"dateCreated\" class=\"qodef-e-info-item qodef-e-info-date entry-date\">\n\t<a itemprop=\"url\" href=\"https:\/\/ferger-metallbau.de\/en\/2026\/02\/\">\n\t\t24 Feb\t<\/a>\n<\/div>\n\t\t<\/div>\n\t\t<div class=\"qodef-e-content\">\n\t\t\t\t\t\t\t<div class=\"qodef-e-info qodef-info--top\">\n\t\t\t\t\t\t\t\t\t<\/div>\n\t\t\t\t\t\t<div class=\"qodef-e-text\">\n\t\t\t\t<h5 itemprop=\"name\" class=\"qodef-e-title entry-title\">\n\t<a itemprop=\"url\" class=\"qodef-e-title-link\" href=\"https:\/\/ferger-metallbau.de\/en\/2026\/02\/24\/ehrung-langjaehriger-mitarbeiter-2025-2\/\">\n\t\tEhrung langj\u00e4hriger Mitarbeiter &#8211; 2025\t<\/a>\n<\/h5>\n\t\t<p itemprop=\"description\" class=\"qodef-e-excerpt\">\n\t\t\tWinnen. Anl\u00e4sslich der Weihnachtsfeier der Firma Ferger Metallbau GmbH wurden auch im Jahr 2025 langj\u00e4hrige und verdiente Mitarbeiter durch die Gesch\u00e4ftsf\u00fchrung Volker Ferger,\t\t<\/p>\n\t\t\t\t<\/div>\n\t\t\t\t\t\t\t<div class=\"qodef-e-info qodef-info--bottom\">\n\t\t\t\t\t\t<div class=\"qodef-e-read-more\">\n\t\t<a class=\"qodef-shortcode qodef-m qodef-qi-button qodef-html--link qodef-layout--filled qodef-type--standard qodef-size--small qodef-icon--right qodef-hover--icon-move-horizontal-short\" href=\"https:\/\/ferger-metallbau.de\/en\/2026\/02\/24\/ehrung-langjaehriger-mitarbeiter-2025-2\/\" target=\"_self\">\t<span class=\"qodef-m-text\">weiterlesen<\/span>\t<\/a>\t<\/div>\n\t\t\t\t<\/div>\n\t\t\t\t\t<\/div>\n\t<\/div>\n<\/article>\n<article class=\"qodef-e qodef-blog-item qodef-grid-item qodef-item--full post-4026 post type-post status-publish format-standard has-post-thumbnail hentry category-allgemein tag-auszeichnung\">\n\t<div class=\"qodef-e-inner\">\n\t\t<div class=\"qodef-e-media-holder\">\n\t\t\t<div class=\"qodef-e-media\">\n\t\t<div class=\"qodef-e-media-image\">\n\t\t<a itemprop=\"url\" href=\"https:\/\/ferger-metallbau.de\/en\/2025\/09\/02\/auszeichnung-zum-krisensichersten-metallbauunternehmen-2\/\">\n\t\t\t<img decoding=\"async\" width=\"2000\" height=\"1424\" src=\"https:\/\/ferger-metallbau.de\/wp-content\/uploads\/2025\/09\/Krisensicherstes-Unternehmen-ohne-QR-Code.png\" class=\"attachment-full size-full\" alt=\"\" srcset=\"https:\/\/ferger-metallbau.de\/wp-content\/uploads\/2025\/09\/Krisensicherstes-Unternehmen-ohne-QR-Code.png 2000w, https:\/\/ferger-metallbau.de\/wp-content\/uploads\/2025\/09\/Krisensicherstes-Unternehmen-ohne-QR-Code-300x214.png 300w, https:\/\/ferger-metallbau.de\/wp-content\/uploads\/2025\/09\/Krisensicherstes-Unternehmen-ohne-QR-Code-1024x729.png 1024w, https:\/\/ferger-metallbau.de\/wp-content\/uploads\/2025\/09\/Krisensicherstes-Unternehmen-ohne-QR-Code-768x547.png 768w, https:\/\/ferger-metallbau.de\/wp-content\/uploads\/2025\/09\/Krisensicherstes-Unternehmen-ohne-QR-Code-1536x1094.png 1536w, https:\/\/ferger-metallbau.de\/wp-content\/uploads\/2025\/09\/Krisensicherstes-Unternehmen-ohne-QR-Code-18x12.png 18w\" sizes=\"(max-width: 2000px) 100vw, 2000px\" \/>\t\t<\/a>\n\t\t\t<\/div>\n<\/div>\n<div itemprop=\"dateCreated\" class=\"qodef-e-info-item qodef-e-info-date entry-date\">\n\t<a itemprop=\"url\" href=\"https:\/\/ferger-metallbau.de\/en\/2025\/09\/\">\n\t\t2 Sep\t<\/a>\n<\/div>\n\t\t<\/div>\n\t\t<div class=\"qodef-e-content\">\n\t\t\t\t\t\t\t<div class=\"qodef-e-info qodef-info--top\">\n\t\t\t\t\t\t\t\t\t<\/div>\n\t\t\t\t\t\t<div class=\"qodef-e-text\">\n\t\t\t\t<h5 itemprop=\"name\" class=\"qodef-e-title entry-title\">\n\t<a itemprop=\"url\" class=\"qodef-e-title-link\" href=\"https:\/\/ferger-metallbau.de\/en\/2025\/09\/02\/auszeichnung-zum-krisensichersten-metallbauunternehmen-2\/\">\n\t\tAuszeichnung zum krisensichersten Metallbauunternehmen\t<\/a>\n<\/h5>\n\t\t<p itemprop=\"description\" class=\"qodef-e-excerpt\">\n\t\t\tAugust 2025 Auszeichnung zum krisensichersten Metallbauunternehmen in Deutschland und zum krisensichersten Unternehmen in der Region Westerwald. Im Rahmen einer Reportage zum Thema\t\t<\/p>\n\t\t\t\t<\/div>\n\t\t\t\t\t\t\t<div class=\"qodef-e-info qodef-info--bottom\">\n\t\t\t\t\t\t<div class=\"qodef-e-read-more\">\n\t\t<a class=\"qodef-shortcode qodef-m qodef-qi-button qodef-html--link qodef-layout--filled qodef-type--standard qodef-size--small qodef-icon--right qodef-hover--icon-move-horizontal-short\" href=\"https:\/\/ferger-metallbau.de\/en\/2025\/09\/02\/auszeichnung-zum-krisensichersten-metallbauunternehmen-2\/\" target=\"_self\">\t<span class=\"qodef-m-text\">weiterlesen<\/span>\t<\/a>\t<\/div>\n\t\t\t\t<\/div>\n\t\t\t\t\t<\/div>\n\t<\/div>\n<\/article>\n<article class=\"qodef-e qodef-blog-item qodef-grid-item qodef-item--full post-3980 post type-post status-publish format-standard has-post-thumbnail hentry category-allgemein tag-auszeichnung\">\n\t<div class=\"qodef-e-inner\">\n\t\t<div class=\"qodef-e-media-holder\">\n\t\t\t<div class=\"qodef-e-media\">\n\t\t<div class=\"qodef-e-media-image\">\n\t\t<a itemprop=\"url\" href=\"https:\/\/ferger-metallbau.de\/en\/2023\/09\/01\/auszeichnung-zum-krisensichersten-metallbauunternehmen\/\">\n\t\t\t<img decoding=\"async\" width=\"2000\" height=\"1424\" src=\"https:\/\/ferger-metallbau.de\/wp-content\/uploads\/2023\/09\/Ferger-Metallbau-GmbH-1.png\" class=\"attachment-full size-full\" alt=\"\" srcset=\"https:\/\/ferger-metallbau.de\/wp-content\/uploads\/2023\/09\/Ferger-Metallbau-GmbH-1.png 2000w, https:\/\/ferger-metallbau.de\/wp-content\/uploads\/2023\/09\/Ferger-Metallbau-GmbH-1-300x214.png 300w, https:\/\/ferger-metallbau.de\/wp-content\/uploads\/2023\/09\/Ferger-Metallbau-GmbH-1-1024x729.png 1024w, https:\/\/ferger-metallbau.de\/wp-content\/uploads\/2023\/09\/Ferger-Metallbau-GmbH-1-768x547.png 768w, https:\/\/ferger-metallbau.de\/wp-content\/uploads\/2023\/09\/Ferger-Metallbau-GmbH-1-1536x1094.png 1536w, https:\/\/ferger-metallbau.de\/wp-content\/uploads\/2023\/09\/Ferger-Metallbau-GmbH-1-18x12.png 18w\" sizes=\"(max-width: 2000px) 100vw, 2000px\" \/>\t\t<\/a>\n\t\t\t<\/div>\n<\/div>\n<div itemprop=\"dateCreated\" class=\"qodef-e-info-item qodef-e-info-date entry-date\">\n\t<a itemprop=\"url\" href=\"https:\/\/ferger-metallbau.de\/en\/2023\/09\/\">\n\t\t1 Sep\t<\/a>\n<\/div>\n\t\t<\/div>\n\t\t<div class=\"qodef-e-content\">\n\t\t\t\t\t\t\t<div class=\"qodef-e-info qodef-info--top\">\n\t\t\t\t\t\t\t\t\t<\/div>\n\t\t\t\t\t\t<div class=\"qodef-e-text\">\n\t\t\t\t<h5 itemprop=\"name\" class=\"qodef-e-title entry-title\">\n\t<a itemprop=\"url\" class=\"qodef-e-title-link\" href=\"https:\/\/ferger-metallbau.de\/en\/2023\/09\/01\/auszeichnung-zum-krisensichersten-metallbauunternehmen\/\">\n\t\tAuszeichnung zum krisensichersten Metallbauunternehmen\t<\/a>\n<\/h5>\n\t\t<p itemprop=\"description\" class=\"qodef-e-excerpt\">\n\t\t\tAugust 2023 Auszeichnung zum krisensichersten Metallbauunternehmen in Deutschland und zum krisensichersten Unternehmen in der Region Westerwald. Im Rahmen einer Reportage zum Thema\t\t<\/p>\n\t\t\t\t<\/div>\n\t\t\t\t\t\t\t<div class=\"qodef-e-info qodef-info--bottom\">\n\t\t\t\t\t\t<div class=\"qodef-e-read-more\">\n\t\t<a class=\"qodef-shortcode qodef-m qodef-qi-button qodef-html--link qodef-layout--filled qodef-type--standard qodef-size--small qodef-icon--right qodef-hover--icon-move-horizontal-short\" href=\"https:\/\/ferger-metallbau.de\/en\/2023\/09\/01\/auszeichnung-zum-krisensichersten-metallbauunternehmen\/\" target=\"_self\">\t<span class=\"qodef-m-text\">weiterlesen<\/span>\t<\/a>\t<\/div>\n\t\t\t\t<\/div>\n\t\t\t\t\t<\/div>\n\t<\/div>\n<\/article>\n<article class=\"qodef-e qodef-blog-item qodef-grid-item qodef-item--full post-3972 post type-post status-publish format-standard hentry category-allgemein tag-auszubildende tag-weiterbildung\">\n\t<div class=\"qodef-e-inner\">\n\t\t<div class=\"qodef-e-media-holder\">\n\t\t\t<div class=\"qodef-e-media\">\n\t<\/div>\n<div itemprop=\"dateCreated\" class=\"qodef-e-info-item qodef-e-info-date entry-date\">\n\t<a itemprop=\"url\" href=\"https:\/\/ferger-metallbau.de\/en\/2023\/08\/\">\n\t\t1 Aug\t<\/a>\n<\/div>\n\t\t<\/div>\n\t\t<div class=\"qodef-e-content\">\n\t\t\t\t\t\t\t<div class=\"qodef-e-info qodef-info--top\">\n\t\t\t\t\t\t\t\t\t<\/div>\n\t\t\t\t\t\t<div class=\"qodef-e-text\">\n\t\t\t\t<h5 itemprop=\"name\" class=\"qodef-e-title entry-title\">\n\t<a itemprop=\"url\" class=\"qodef-e-title-link\" href=\"https:\/\/ferger-metallbau.de\/en\/2023\/08\/01\/neue-auszubildende\/\">\n\t\tNeue Auszubildende\t<\/a>\n<\/h5>\n\t\t<p itemprop=\"description\" class=\"qodef-e-excerpt\">\n\t\t\tAb 01.08.2023 k\u00f6nnen wir als Verst\u00e4rkung unseres Teams drei neue Auszubildende begr\u00fc\u00dfen. Mit Paul Bader, Driton Hasani und Alisa Schmal besch\u00e4ftigen wir aktuell 7 Auszubildend\t\t<\/p>\n\t\t\t\t<\/div>\n\t\t\t\t\t\t\t<div class=\"qodef-e-info qodef-info--bottom\">\n\t\t\t\t\t\t<div class=\"qodef-e-read-more\">\n\t\t<a class=\"qodef-shortcode qodef-m qodef-qi-button qodef-html--link qodef-layout--filled qodef-type--standard qodef-size--small qodef-icon--right qodef-hover--icon-move-horizontal-short\" href=\"https:\/\/ferger-metallbau.de\/en\/2023\/08\/01\/neue-auszubildende\/\" target=\"_self\">\t<span class=\"qodef-m-text\">weiterlesen<\/span>\t<\/a>\t<\/div>\n\t\t\t\t<\/div>\n\t\t\t\t\t<\/div>\n\t<\/div>\n<\/article>\n<article class=\"qodef-e qodef-blog-item qodef-grid-item qodef-item--full post-3921 post type-post status-publish format-standard has-post-thumbnail hentry category-allgemein category-team tag-auszubildende tag-weiterbildung\">\n\t<div class=\"qodef-e-inner\">\n\t\t<div class=\"qodef-e-media-holder\">\n\t\t\t<div class=\"qodef-e-media\">\n\t\t<div class=\"qodef-e-media-image\">\n\t\t<a itemprop=\"url\" href=\"https:\/\/ferger-metallbau.de\/en\/2023\/03\/03\/azubi-tag-bei-schueco\/\">\n\t\t\t<img loading=\"lazy\" decoding=\"async\" width=\"2560\" height=\"1842\" src=\"https:\/\/ferger-metallbau.de\/wp-content\/uploads\/2024\/11\/Schueco_Azubi-scaled.jpg\" class=\"attachment-full size-full\" alt=\"\" srcset=\"https:\/\/ferger-metallbau.de\/wp-content\/uploads\/2024\/11\/Schueco_Azubi-scaled.jpg 2560w, https:\/\/ferger-metallbau.de\/wp-content\/uploads\/2024\/11\/Schueco_Azubi-300x216.jpg 300w, https:\/\/ferger-metallbau.de\/wp-content\/uploads\/2024\/11\/Schueco_Azubi-1024x737.jpg 1024w, https:\/\/ferger-metallbau.de\/wp-content\/uploads\/2024\/11\/Schueco_Azubi-768x553.jpg 768w, https:\/\/ferger-metallbau.de\/wp-content\/uploads\/2024\/11\/Schueco_Azubi-1536x1105.jpg 1536w, https:\/\/ferger-metallbau.de\/wp-content\/uploads\/2024\/11\/Schueco_Azubi-2048x1474.jpg 2048w, https:\/\/ferger-metallbau.de\/wp-content\/uploads\/2024\/11\/Schueco_Azubi-18x12.jpg 18w\" sizes=\"(max-width: 2560px) 100vw, 2560px\" \/>\t\t<\/a>\n\t\t\t<\/div>\n<\/div>\n<div itemprop=\"dateCreated\" class=\"qodef-e-info-item qodef-e-info-date entry-date\">\n\t<a itemprop=\"url\" href=\"https:\/\/ferger-metallbau.de\/en\/2023\/03\/\">\n\t\t3 Mar\t<\/a>\n<\/div>\n\t\t<\/div>\n\t\t<div class=\"qodef-e-content\">\n\t\t\t\t\t\t\t<div class=\"qodef-e-info qodef-info--top\">\n\t\t\t\t\t\t\t\t\t<\/div>\n\t\t\t\t\t\t<div class=\"qodef-e-text\">\n\t\t\t\t<h5 itemprop=\"name\" class=\"qodef-e-title entry-title\">\n\t<a itemprop=\"url\" class=\"qodef-e-title-link\" href=\"https:\/\/ferger-metallbau.de\/en\/2023\/03\/03\/azubi-tag-bei-schueco\/\">\n\t\tAzubi-Tag bei Sch\u00fcco\t<\/a>\n<\/h5>\n\t\t<p itemprop=\"description\" class=\"qodef-e-excerpt\">\n\t\t\tAm 28. Februar 2023 fand auf Einladung unseres Systempartners Sch\u00fcco ein Informationstag in Bielefeld statt. Unser Gesch\u00e4ftsf\u00fchrer Volker Ferger, unser Betriebsleiter Florian Sc\t\t<\/p>\n\t\t\t\t<\/div>\n\t\t\t\t\t\t\t<div class=\"qodef-e-info qodef-info--bottom\">\n\t\t\t\t\t\t<div class=\"qodef-e-read-more\">\n\t\t<a class=\"qodef-shortcode qodef-m qodef-qi-button qodef-html--link qodef-layout--filled qodef-type--standard qodef-size--small qodef-icon--right qodef-hover--icon-move-horizontal-short\" href=\"https:\/\/ferger-metallbau.de\/en\/2023\/03\/03\/azubi-tag-bei-schueco\/\" target=\"_self\">\t<span class=\"qodef-m-text\">weiterlesen<\/span>\t<\/a>\t<\/div>\n\t\t\t\t<\/div>\n\t\t\t\t\t<\/div>\n\t<\/div>\n<\/article>\n<article class=\"qodef-e qodef-blog-item qodef-grid-item qodef-item--full post-3963 post type-post status-publish format-standard hentry category-allgemein\">\n\t<div class=\"qodef-e-inner\">\n\t\t<div class=\"qodef-e-media-holder\">\n\t\t\t<div class=\"qodef-e-media\">\n\t<\/div>\n<div itemprop=\"dateCreated\" class=\"qodef-e-info-item qodef-e-info-date entry-date\">\n\t<a itemprop=\"url\" href=\"https:\/\/ferger-metallbau.de\/en\/2023\/01\/\">\n\t\t4 Jan\t<\/a>\n<\/div>\n\t\t<\/div>\n\t\t<div class=\"qodef-e-content\">\n\t\t\t\t\t\t\t<div class=\"qodef-e-info qodef-info--top\">\n\t\t\t\t\t\t\t\t\t<\/div>\n\t\t\t\t\t\t<div class=\"qodef-e-text\">\n\t\t\t\t<h5 itemprop=\"name\" class=\"qodef-e-title entry-title\">\n\t<a itemprop=\"url\" class=\"qodef-e-title-link\" href=\"https:\/\/ferger-metallbau.de\/en\/2023\/01\/04\/glasfaser-anschluss\/\">\n\t\tGlasfaser-Anschluss\t<\/a>\n<\/h5>\n\t\t<p itemprop=\"description\" class=\"qodef-e-excerpt\">\n\t\t\tAm 16. Dezember 2022 wurden die Verlegearbeiten unseres Glasfaseranschlusses abgeschlossen. Unser Unternehmen verf\u00fcgt nun \u00fcber 1 Gbit-Leistung symmetrisch (Down-\/Upload) und ist\t\t<\/p>\n\t\t\t\t<\/div>\n\t\t\t\t\t\t\t<div class=\"qodef-e-info qodef-info--bottom\">\n\t\t\t\t\t\t<div class=\"qodef-e-read-more\">\n\t\t<a class=\"qodef-shortcode qodef-m qodef-qi-button qodef-html--link qodef-layout--filled qodef-type--standard qodef-size--small qodef-icon--right qodef-hover--icon-move-horizontal-short\" href=\"https:\/\/ferger-metallbau.de\/en\/2023\/01\/04\/glasfaser-anschluss\/\" target=\"_self\">\t<span class=\"qodef-m-text\">weiterlesen<\/span>\t<\/a>\t<\/div>\n\t\t\t\t<\/div>\n\t\t\t\t\t<\/div>\n\t<\/div>\n<\/article>\n<article class=\"qodef-e qodef-blog-item qodef-grid-item qodef-item--full post-3740 post type-post status-publish format-standard has-post-thumbnail hentry category-allgemein category-team tag-ehrung-mitarbeiter tag-fertigungszentrum tag-investition tag-neubau\">\n\t<div class=\"qodef-e-inner\">\n\t\t<div class=\"qodef-e-media-holder\">\n\t\t\t<div class=\"qodef-e-media\">\n\t\t<div class=\"qodef-e-media-image\">\n\t\t<a itemprop=\"url\" href=\"https:\/\/ferger-metallbau.de\/en\/2022\/02\/03\/einweihung-jahresabschluss-bei-ferger\/\">\n\t\t\t<img loading=\"lazy\" decoding=\"async\" width=\"1731\" height=\"1248\" src=\"https:\/\/ferger-metallbau.de\/wp-content\/uploads\/2022\/02\/IMG_7717.jpg\" class=\"attachment-full size-full\" alt=\"\" srcset=\"https:\/\/ferger-metallbau.de\/wp-content\/uploads\/2022\/02\/IMG_7717.jpg 1731w, https:\/\/ferger-metallbau.de\/wp-content\/uploads\/2022\/02\/IMG_7717-300x216.jpg 300w, https:\/\/ferger-metallbau.de\/wp-content\/uploads\/2022\/02\/IMG_7717-1024x738.jpg 1024w, https:\/\/ferger-metallbau.de\/wp-content\/uploads\/2022\/02\/IMG_7717-768x554.jpg 768w, https:\/\/ferger-metallbau.de\/wp-content\/uploads\/2022\/02\/IMG_7717-1536x1107.jpg 1536w, https:\/\/ferger-metallbau.de\/wp-content\/uploads\/2022\/02\/IMG_7717-16x12.jpg 16w\" sizes=\"(max-width: 1731px) 100vw, 1731px\" \/>\t\t<\/a>\n\t\t\t<\/div>\n<\/div>\n<div itemprop=\"dateCreated\" class=\"qodef-e-info-item qodef-e-info-date entry-date\">\n\t<a itemprop=\"url\" href=\"https:\/\/ferger-metallbau.de\/en\/2022\/02\/\">\n\t\t3 Feb\t<\/a>\n<\/div>\n\t\t<\/div>\n\t\t<div class=\"qodef-e-content\">\n\t\t\t\t\t\t\t<div class=\"qodef-e-info qodef-info--top\">\n\t\t\t\t\t\t\t\t\t<\/div>\n\t\t\t\t\t\t<div class=\"qodef-e-text\">\n\t\t\t\t<h5 itemprop=\"name\" class=\"qodef-e-title entry-title\">\n\t<a itemprop=\"url\" class=\"qodef-e-title-link\" href=\"https:\/\/ferger-metallbau.de\/en\/2022\/02\/03\/einweihung-jahresabschluss-bei-ferger\/\">\n\t\tEinweihung \/ Jahresabschluss bei Ferger\t<\/a>\n<\/h5>\n\t\t<p itemprop=\"description\" class=\"qodef-e-excerpt\">\n\t\t\tAm 22.12.2021 fand im engsten Mitarbeiterkreis unter strengen Corona-Auflagen die Einweihung der Fertigungshalle und zugleich ein kleiner gemeinsamer Jahresabschluss statt. Wie auc\t\t<\/p>\n\t\t\t\t<\/div>\n\t\t\t\t\t\t\t<div class=\"qodef-e-info qodef-info--bottom\">\n\t\t\t\t\t\t<div class=\"qodef-e-read-more\">\n\t\t<a class=\"qodef-shortcode qodef-m qodef-qi-button qodef-html--link qodef-layout--filled qodef-type--standard qodef-size--small qodef-icon--right qodef-hover--icon-move-horizontal-short\" href=\"https:\/\/ferger-metallbau.de\/en\/2022\/02\/03\/einweihung-jahresabschluss-bei-ferger\/\" target=\"_self\">\t<span class=\"qodef-m-text\">weiterlesen<\/span>\t<\/a>\t<\/div>\n\t\t\t\t<\/div>\n\t\t\t\t\t<\/div>\n\t<\/div>\n<\/article>\n<article class=\"qodef-e qodef-blog-item qodef-grid-item qodef-item--full post-3682 post type-post status-publish format-standard has-post-thumbnail hentry category-allgemein category-projekte tag-fertigungszentrum tag-investition tag-mitarbeiter-parkplatz tag-neubau tag-zukunft\">\n\t<div class=\"qodef-e-inner\">\n\t\t<div class=\"qodef-e-media-holder\">\n\t\t\t<div class=\"qodef-e-media\">\n\t\t<div class=\"qodef-e-media-image\">\n\t\t<a itemprop=\"url\" href=\"https:\/\/ferger-metallbau.de\/en\/2021\/07\/13\/news-von-ferger-1-3-2\/\">\n\t\t\t<img loading=\"lazy\" decoding=\"async\" width=\"1831\" height=\"1314\" src=\"https:\/\/ferger-metallbau.de\/wp-content\/uploads\/2021\/07\/Ferger_Neubau_IMG_3283.jpg\" class=\"attachment-full size-full\" alt=\"\" srcset=\"https:\/\/ferger-metallbau.de\/wp-content\/uploads\/2021\/07\/Ferger_Neubau_IMG_3283.jpg 1831w, https:\/\/ferger-metallbau.de\/wp-content\/uploads\/2021\/07\/Ferger_Neubau_IMG_3283-300x215.jpg 300w, https:\/\/ferger-metallbau.de\/wp-content\/uploads\/2021\/07\/Ferger_Neubau_IMG_3283-1024x735.jpg 1024w, https:\/\/ferger-metallbau.de\/wp-content\/uploads\/2021\/07\/Ferger_Neubau_IMG_3283-768x551.jpg 768w, https:\/\/ferger-metallbau.de\/wp-content\/uploads\/2021\/07\/Ferger_Neubau_IMG_3283-1536x1102.jpg 1536w, https:\/\/ferger-metallbau.de\/wp-content\/uploads\/2021\/07\/Ferger_Neubau_IMG_3283-16x12.jpg 16w\" sizes=\"(max-width: 1831px) 100vw, 1831px\" \/>\t\t<\/a>\n\t\t\t<\/div>\n<\/div>\n<div itemprop=\"dateCreated\" class=\"qodef-e-info-item qodef-e-info-date entry-date\">\n\t<a itemprop=\"url\" href=\"https:\/\/ferger-metallbau.de\/en\/2021\/07\/\">\n\t\t13 Jul\t<\/a>\n<\/div>\n\t\t<\/div>\n\t\t<div class=\"qodef-e-content\">\n\t\t\t\t\t\t\t<div class=\"qodef-e-info qodef-info--top\">\n\t\t\t\t\t\t\t\t\t<\/div>\n\t\t\t\t\t\t<div class=\"qodef-e-text\">\n\t\t\t\t<h5 itemprop=\"name\" class=\"qodef-e-title entry-title\">\n\t<a itemprop=\"url\" class=\"qodef-e-title-link\" href=\"https:\/\/ferger-metallbau.de\/en\/2021\/07\/13\/news-von-ferger-1-3-2\/\">\n\t\tFerger Metallbau investiert 5 Millionen Euro in neues Fertigungszentrum\t<\/a>\n<\/h5>\n\t\t<p itemprop=\"description\" class=\"qodef-e-excerpt\">\n\t\t\tAufgrund der starken Expansion in den vergangenen Jahren hat sich die Ferger-Gruppe entschlossen, ca. 5 Millionen Euro in eine neue Produktionshalle zu investieren.\t\t<\/p>\n\t\t\t\t<\/div>\n\t\t\t\t\t\t\t<div class=\"qodef-e-info qodef-info--bottom\">\n\t\t\t\t\t\t<div class=\"qodef-e-read-more\">\n\t\t<a class=\"qodef-shortcode qodef-m qodef-qi-button qodef-html--link qodef-layout--filled qodef-type--standard qodef-size--small qodef-icon--right qodef-hover--icon-move-horizontal-short\" href=\"https:\/\/ferger-metallbau.de\/en\/2021\/07\/13\/news-von-ferger-1-3-2\/\" target=\"_self\">\t<span class=\"qodef-m-text\">weiterlesen<\/span>\t<\/a>\t<\/div>\n\t\t\t\t<\/div>\n\t\t\t\t\t<\/div>\n\t<\/div>\n<\/article>\n<article class=\"qodef-e qodef-blog-item qodef-grid-item qodef-item--full post-563 post type-post status-publish format-standard has-post-thumbnail hentry category-allgemein category-team tag-spende tag-spendenaktion tag-weihnachtsfeier\">\n\t<div class=\"qodef-e-inner\">\n\t\t<div class=\"qodef-e-media-holder\">\n\t\t\t<div class=\"qodef-e-media\">\n\t\t<div class=\"qodef-e-media-image\">\n\t\t<a itemprop=\"url\" href=\"https:\/\/ferger-metallbau.de\/en\/2020\/01\/27\/news-von-ferger-1\/\">\n\t\t\t<img loading=\"lazy\" decoding=\"async\" width=\"2000\" height=\"1901\" src=\"https:\/\/ferger-metallbau.de\/wp-content\/uploads\/2021\/05\/Ferger_Spende_Emmet_6543.jpg\" class=\"attachment-full size-full\" alt=\"\" srcset=\"https:\/\/ferger-metallbau.de\/wp-content\/uploads\/2021\/05\/Ferger_Spende_Emmet_6543.jpg 2000w, https:\/\/ferger-metallbau.de\/wp-content\/uploads\/2021\/05\/Ferger_Spende_Emmet_6543-300x285.jpg 300w, https:\/\/ferger-metallbau.de\/wp-content\/uploads\/2021\/05\/Ferger_Spende_Emmet_6543-1024x973.jpg 1024w, https:\/\/ferger-metallbau.de\/wp-content\/uploads\/2021\/05\/Ferger_Spende_Emmet_6543-768x730.jpg 768w, https:\/\/ferger-metallbau.de\/wp-content\/uploads\/2021\/05\/Ferger_Spende_Emmet_6543-1536x1460.jpg 1536w\" sizes=\"(max-width: 2000px) 100vw, 2000px\" \/>\t\t<\/a>\n\t\t\t<\/div>\n<\/div>\n<div itemprop=\"dateCreated\" class=\"qodef-e-info-item qodef-e-info-date entry-date\">\n\t<a itemprop=\"url\" href=\"https:\/\/ferger-metallbau.de\/en\/2020\/01\/\">\n\t\t27 Jan\t<\/a>\n<\/div>\n\t\t<\/div>\n\t\t<div class=\"qodef-e-content\">\n\t\t\t\t\t\t\t<div class=\"qodef-e-info qodef-info--top\">\n\t\t\t\t\t\t\t\t\t<\/div>\n\t\t\t\t\t\t<div class=\"qodef-e-text\">\n\t\t\t\t<h5 itemprop=\"name\" class=\"qodef-e-title entry-title\">\n\t<a itemprop=\"url\" class=\"qodef-e-title-link\" href=\"https:\/\/ferger-metallbau.de\/en\/2020\/01\/27\/news-von-ferger-1\/\">\n\t\t9.000 \u20ac  f\u00fcr den guten Zweck\t<\/a>\n<\/h5>\n\t\t<p itemprop=\"description\" class=\"qodef-e-excerpt\">\n\t\t\tEine sch\u00f6ne Tradition bei Firma Ferger Metallbau GmbH: Jedes Jahr spendet das Team und die Gesch\u00e4ftsleitung eine gemeinsame Summe f\u00fcr den guten Zweck.\t\t<\/p>\n\t\t\t\t<\/div>\n\t\t\t\t\t\t\t<div class=\"qodef-e-info qodef-info--bottom\">\n\t\t\t\t\t\t<div class=\"qodef-e-read-more\">\n\t\t<a class=\"qodef-shortcode qodef-m qodef-qi-button qodef-html--link qodef-layout--filled qodef-type--standard qodef-size--small qodef-icon--right qodef-hover--icon-move-horizontal-short\" href=\"https:\/\/ferger-metallbau.de\/en\/2020\/01\/27\/news-von-ferger-1\/\" target=\"_self\">\t<span class=\"qodef-m-text\">weiterlesen<\/span>\t<\/a>\t<\/div>\n\t\t\t\t<\/div>\n\t\t\t\t\t<\/div>\n\t<\/div>\n<\/article>\n\t<\/div>\n\t<\/div>\n\t\t\t\t<\/div>\n\t\t\t\t<\/div>\n\t\t\t\t\t<\/div>\n\t\t<\/div>\n\t\t\t\t\t<\/div>\n\t\t<\/section>\n\t\t\t\t<\/div>","protected":false},"excerpt":{"rendered":"<p>Unsere News \u00a0 24 Feb. Ehrung langj\u00e4hriger Mitarbeiter &#8211; 2025 Winnen. Anl\u00e4sslich der Weihnachtsfeier der Firma Ferger Metallbau GmbH wurden auch im Jahr 2025 langj\u00e4hrige und verdiente Mitarbeiter durch die Gesch\u00e4ftsf\u00fchrung Volker Ferger, weiterlesen 2 Sep. Auszeichnung zum krisensichersten Metallbauunternehmen August 2025 Auszeichnung zum krisensichersten Metallbauunternehmen in Deutschland und zum krisensichersten Unternehmen in der Region [&hellip;]<\/p>\n","protected":false},"author":1,"featured_media":0,"parent":0,"menu_order":0,"comment_status":"closed","ping_status":"closed","template":"","meta":{"inline_featured_image":false,"footnotes":""},"class_list":["post-572","page","type-page","status-publish","hentry"],"_links":{"self":[{"href":"https:\/\/ferger-metallbau.de\/en\/wp-json\/wp\/v2\/pages\/572","targetHints":{"allow":["GET"]}}],"collection":[{"href":"https:\/\/ferger-metallbau.de\/en\/wp-json\/wp\/v2\/pages"}],"about":[{"href":"https:\/\/ferger-metallbau.de\/en\/wp-json\/wp\/v2\/types\/page"}],"author":[{"embeddable":true,"href":"https:\/\/ferger-metallbau.de\/en\/wp-json\/wp\/v2\/users\/1"}],"replies":[{"embeddable":true,"href":"https:\/\/ferger-metallbau.de\/en\/wp-json\/wp\/v2\/comments?post=572"}],"version-history":[{"count":25,"href":"https:\/\/ferger-metallbau.de\/en\/wp-json\/wp\/v2\/pages\/572\/revisions"}],"predecessor-version":[{"id":4399,"href":"https:\/\/ferger-metallbau.de\/en\/wp-json\/wp\/v2\/pages\/572\/revisions\/4399"}],"wp:attachment":[{"href":"https:\/\/ferger-metallbau.de\/en\/wp-json\/wp\/v2\/media?parent=572"}],"curies":[{"name":"wp","href":"https:\/\/api.w.org\/{rel}","templated":true}]}}